{"id":237,"date":"2023-10-02T20:04:32","date_gmt":"2023-10-02T20:04:32","guid":{"rendered":"https:\/\/mom-o.hu\/new\/?page_id=237"},"modified":"2026-02-11T17:31:27","modified_gmt":"2026-02-11T16:31:27","slug":"dijak","status":"publish","type":"page","link":"https:\/\/mom-o.hu\/?page_id=237","title":{"rendered":"Elnyert d\u00edjaink"},"content":{"rendered":"\n<p class=\"wp-block-paragraph\">Az \u00e9vek folyam\u00e1n tagjaink sz\u00e1mos kit\u00fcntet\u00e9st nyertek el a t\u00e1jfut\u00e1shoz k\u00f6t\u0151d\u0151 munk\u00e1juk\u00e9rt, eredm\u00e9nyeik\u00e9rt. Ezen az oldalon \u00f6sszegy\u0171jt\u00f6tt\u00fck ezek k\u00f6z\u00fcl a legrangosabbakat. Amennyiben nem jelezz\u00fck k\u00fcl\u00f6n, akkor a d\u00edjak adom\u00e1nyoz\u00f3ja a Magyar T\u00e1j\u00e9koz\u00f3d\u00e1si Fut\u00f3 Sz\u00f6vets\u00e9g (MTFSZ).<\/p>\n\n\n\n<div class=\"wp-block-uagb-container uagb-block-bac36659 alignfull uagb-is-root-container\"><div class=\"uagb-container-inner-blocks-wrap\">\n<div class=\"wp-block-uagb-container uagb-block-2ade65f0\">\n<div class=\"wp-block-uagb-info-box uagb-block-e4a83136 uagb-infobox__content-wrap  uagb-infobox-icon-above-title uagb-infobox-image-valign-top\"><div class=\"uagb-ifb-content\"><div class=\"uagb-ifb-title-wrap\"><h2 class=\"uagb-ifb-title\">Skerletz Iv\u00e1n-d\u00edj<\/h2><\/div><div class=\"uagb-ifb-separator\"><\/div><p class=\"uagb-ifb-desc\">Az MTFSZ \u00e1ltal sportszakembernek adom\u00e1nyozhat\u00f3 legmagasabb kit\u00fcntet\u00e9s. \u00c9letm\u0171d\u00edj, ami hossz\u00fa t\u00e1von v\u00e9gzett, orsz\u00e1gos szinten is kiemelked\u0151 eredm\u00e9nyes sportvezet\u0151i, edz\u0151i, versenyb\u00edr\u00f3i vagy versenyz\u0151i tev\u00e9kenys\u00e9g\u00e9rt adhat\u00f3. Egy \u00e9vben egy d\u00edj adhat\u00f3 ki.<\/p><\/div><\/div>\n<\/div>\n\n\n\n<div class=\"wp-block-uagb-container uagb-block-829c9979\">\n<div class=\"wp-block-uagb-info-box uagb-block-6a111d25 uagb-infobox__content-wrap  uagb-infobox-icon-above-title uagb-infobox-image-valign-top\"><div class=\"uagb-ifb-content\"><div class=\"uagb-ifb-title-wrap\"><h3 class=\"uagb-ifb-title\">2012 &#8211; Borosznoki L\u00e1szl\u00f3<\/h3><\/div><p class=\"uagb-ifb-desc\">A magyar t\u00e1jfut\u00e1s szolg\u00e1lat\u00e1ban v\u00e9gzett szerte\u00e1gaz\u00f3, t\u00f6bb \u00e9vtizedes tev\u00e9kenys\u00e9g\u00e9\u00e9rt, vezet\u0151i, versenyb\u00edr\u00f3i, ut\u00e1np\u00f3tl\u00e1snevel\u0151i \u00e9s szervez\u0151i munk\u00e1ss\u00e1g\u00e1\u00e9rt.<\/p><\/div><\/div>\n<\/div>\n<\/div><\/div>\n\n\n\n<div class=\"wp-block-uagb-container uagb-block-d6cd8eb3 alignfull uagb-is-root-container\"><div class=\"uagb-container-inner-blocks-wrap\">\n<div class=\"wp-block-uagb-container uagb-block-dfa452cf\">\n<div class=\"wp-block-uagb-info-box uagb-block-679a18f9 uagb-infobox__content-wrap  uagb-infobox-icon-above-title uagb-infobox-image-valign-top\"><div class=\"uagb-ifb-content\"><div class=\"uagb-ifb-title-wrap\"><h2 class=\"uagb-ifb-title\">Ripsz\u00e1m Henrik-eml\u00e9k\u00e9rem<\/h2><\/div><div class=\"uagb-ifb-separator\"><\/div><p class=\"uagb-ifb-desc\">A d\u00edj hossz\u00fa t\u00e1von v\u00e9gzett, orsz\u00e1gos szinten is kiemelked\u0151 eredm\u00e9nyes sportvezet\u0151i, edz\u0151i, versenyb\u00edr\u00f3i vagy versenyz\u0151i tev\u00e9kenys\u00e9g\u00e9rt adhat\u00f3. Egy \u00e9vben h\u00e1rom d\u00edj adhat\u00f3 ki.<\/p><\/div><\/div>\n<\/div>\n\n\n\n<div class=\"wp-block-uagb-container uagb-block-15036fd5\">\n<div class=\"wp-block-uagb-info-box uagb-block-3d2788ce uagb-infobox__content-wrap  uagb-infobox-icon-above-title uagb-infobox-image-valign-top\"><div class=\"uagb-ifb-content\"><div class=\"uagb-ifb-title-wrap\"><h3 class=\"uagb-ifb-title\">2025 &#8211; Kisv\u00f6lcsey \u00c1kos<\/h3><\/div><p class=\"uagb-ifb-desc\">T\u00f6bb \u00e9vtizedes, kiemelked\u0151en sikeres edz\u0151i munk\u00e1j\u00e1\u00e9rt \u00e9s t\u00e9rk\u00e9pk\u00e9sz\u00edt\u0151 tev\u00e9kenys\u00e9g\u00e9\u00e9rt.<\/p><\/div><\/div>\n<\/div>\n<\/div><\/div>\n\n\n\n<div class=\"wp-block-uagb-container uagb-block-f4b95ecf alignfull uagb-is-root-container\"><div class=\"uagb-container-inner-blocks-wrap\">\n<div class=\"wp-block-uagb-container uagb-block-68b0800b\">\n<div class=\"wp-block-uagb-info-box uagb-block-40596a46 uagb-infobox__content-wrap  uagb-infobox-icon-above-title uagb-infobox-image-valign-top\"><div class=\"uagb-ifb-content\"><div class=\"uagb-ifb-title-wrap\"><h2 class=\"uagb-ifb-title\">Az MTFSz 50 \u00e9v\u00e9nek 50 meghat\u00e1roz\u00f3 szem\u00e9lyis\u00e9ge<\/h2><\/div><div class=\"uagb-ifb-separator\"><\/div><p class=\"uagb-ifb-desc\">Az alap\u00edt\u00e1s\u00e1nak jubileum\u00e1t \u00fcnnepl\u0151 t\u00e1jfut\u00f3 sz\u00f6vets\u00e9g t\u00f6rt\u00e9net\u00e9nek 50 legfontosabb szem\u00e9lyis\u00e9g\u00e9nek osztott ki k\u00fcl\u00f6nd\u00edjat.<\/p><\/div><\/div>\n<\/div>\n\n\n\n<div class=\"wp-block-uagb-container uagb-block-bfb769f0\">\n<div class=\"wp-block-uagb-info-box uagb-block-a6708fd1 uagb-infobox__content-wrap  uagb-infobox-icon-above-title uagb-infobox-image-valign-top\"><div class=\"uagb-ifb-content\"><div class=\"uagb-ifb-title-wrap\"><h3 class=\"uagb-ifb-title\">2020 &#8211; Borosznoki L\u00e1szl\u00f3<\/h3><\/div><\/div><\/div>\n\n\n\n<div class=\"wp-block-uagb-info-box uagb-block-a8884536 uagb-infobox__content-wrap  uagb-infobox-icon-above-title uagb-infobox-image-valign-top\"><div class=\"uagb-ifb-content\"><div class=\"uagb-ifb-title-wrap\"><h3 class=\"uagb-ifb-title\">2020 &#8211; Kisv\u00f6lcsey \u00c1kos<\/h3><\/div><\/div><\/div>\n<\/div>\n<\/div><\/div>\n\n\n\n<div class=\"wp-block-uagb-container uagb-block-9dd2432b alignfull uagb-is-root-container\"><div class=\"uagb-container-inner-blocks-wrap\">\n<div class=\"wp-block-uagb-container uagb-block-e7a7c875\">\n<div class=\"wp-block-uagb-info-box uagb-block-0be6cff3 uagb-infobox__content-wrap  uagb-infobox-icon-above-title uagb-infobox-image-valign-top\"><div class=\"uagb-ifb-content\"><div class=\"uagb-ifb-title-wrap\"><h2 class=\"uagb-ifb-title\">Az \u00e9v edz\u0151je<\/h2><\/div><div class=\"uagb-ifb-separator\"><\/div><p class=\"uagb-ifb-desc\">A d\u00edjat az az edz\u0151 kapja meg, akinek tan\u00edtv\u00e1nya vagy tan\u00edtv\u00e1nyai az adott \u00e9vben a legkiemelked\u0151bb eredm\u00e9nyt \u00e9rt\u00e9k el.<\/p><\/div><\/div>\n<\/div>\n\n\n\n<div class=\"wp-block-uagb-container uagb-block-76eef1b7\">\n<div class=\"wp-block-uagb-info-box uagb-block-e0913a6a uagb-infobox__content-wrap  uagb-infobox-icon-above-title uagb-infobox-image-valign-top\"><div class=\"uagb-ifb-content\"><div class=\"uagb-ifb-title-wrap\"><h3 class=\"uagb-ifb-title\">2019 &#8211; Kisv\u00f6lcsey \u00c1kos&nbsp;<\/h3><\/div><\/div><\/div>\n\n\n\n<div class=\"wp-block-uagb-info-box uagb-block-7e138e03 uagb-infobox__content-wrap  uagb-infobox-icon-above-title uagb-infobox-image-valign-top\"><div class=\"uagb-ifb-content\"><div class=\"uagb-ifb-title-wrap\"><h3 class=\"uagb-ifb-title\">2018 &#8211; Kisv\u00f6lcsey \u00c1kos<\/h3><\/div><\/div><\/div>\n\n\n\n<div class=\"wp-block-uagb-info-box uagb-block-433b745d uagb-infobox__content-wrap  uagb-infobox-icon-above-title uagb-infobox-image-valign-top\"><div class=\"uagb-ifb-content\"><div class=\"uagb-ifb-title-wrap\"><h3 class=\"uagb-ifb-title\">2017 &#8211; Kisv\u00f6lcsey \u00c1kos<\/h3><\/div><\/div><\/div>\n\n\n\n<div class=\"wp-block-uagb-info-box uagb-block-97bef721 uagb-infobox__content-wrap  uagb-infobox-icon-above-title uagb-infobox-image-valign-top\"><div class=\"uagb-ifb-content\"><div class=\"uagb-ifb-title-wrap\"><h3 class=\"uagb-ifb-title\">2015 &#8211; Kisv\u00f6lcsey \u00c1kos<\/h3><\/div><\/div><\/div>\n\n\n\n<div class=\"wp-block-uagb-info-box uagb-block-2a850c61 uagb-infobox__content-wrap  uagb-infobox-icon-above-title uagb-infobox-image-valign-top\"><div class=\"uagb-ifb-content\"><div class=\"uagb-ifb-title-wrap\"><h3 class=\"uagb-ifb-title\">2003 &#8211; Kisv\u00f6lcsey \u00c1kos<\/h3><\/div><\/div><\/div>\n\n\n\n<div class=\"wp-block-uagb-info-box uagb-block-05afc4f1 uagb-infobox__content-wrap  uagb-infobox-icon-above-title uagb-infobox-image-valign-top\"><div class=\"uagb-ifb-content\"><div class=\"uagb-ifb-title-wrap\"><h3 class=\"uagb-ifb-title\">1995 &#8211; Kopanyecz Attila&nbsp;<\/h3><\/div><\/div><\/div>\n<\/div>\n<\/div><\/div>\n\n\n\n<div class=\"wp-block-uagb-container uagb-block-747d1587 alignfull uagb-is-root-container\"><div class=\"uagb-container-inner-blocks-wrap\">\n<div class=\"wp-block-uagb-container uagb-block-f46be1c8\">\n<div class=\"wp-block-uagb-info-box uagb-block-ee085eb8 uagb-infobox__content-wrap  uagb-infobox-icon-above-title uagb-infobox-image-valign-top\"><div class=\"uagb-ifb-content\"><div class=\"uagb-ifb-title-wrap\"><h2 class=\"uagb-ifb-title\">Az \u00e9v t\u00e1jfut\u00f3ja<\/h2><\/div><div class=\"uagb-ifb-separator\"><\/div><p class=\"uagb-ifb-desc\">A d\u00edjat az adott \u00e9vben legkiemelked\u0151bb eredm\u00e9nyt el\u00e9rt n\u0151i, illetve f\u00e9rfi, valamint junior n\u0151i, illetve f\u00e9rfi \u00e9s ifj\u00fas\u00e1gi le\u00e1ny, illetve fi\u00fa versenyz\u0151 kapja meg.<\/p><\/div><\/div>\n<\/div>\n\n\n\n<div class=\"wp-block-uagb-container uagb-block-f294044d\">\n<div class=\"wp-block-uagb-info-box uagb-block-d07393af uagb-infobox__content-wrap  uagb-infobox-icon-above-title uagb-infobox-image-valign-top\"><div class=\"uagb-ifb-content\"><div class=\"uagb-ifb-title-wrap\"><h3 class=\"uagb-ifb-title\">2025 &#8211; G\u00e1rdonyi Csilla, Szak\u00e1l-Bir\u00f3 S\u00e1ra<\/h3><\/div><\/div><\/div>\n\n\n\n<div class=\"wp-block-uagb-info-box uagb-block-9d6619aa uagb-infobox__content-wrap  uagb-infobox-icon-above-title uagb-infobox-image-valign-top\"><div class=\"uagb-ifb-content\"><div class=\"uagb-ifb-title-wrap\"><h3 class=\"uagb-ifb-title\">2024 &#8211; Mikes Janka<\/h3><\/div><\/div><\/div>\n\n\n\n<div class=\"wp-block-uagb-info-box uagb-block-d52dd5fe uagb-infobox__content-wrap  uagb-infobox-icon-above-title uagb-infobox-image-valign-top\"><div class=\"uagb-ifb-content\"><div class=\"uagb-ifb-title-wrap\"><h3 class=\"uagb-ifb-title\">2023 &#8211; Mikes Janka<\/h3><\/div><\/div><\/div>\n\n\n\n<div class=\"wp-block-uagb-info-box uagb-block-27b32b3f uagb-infobox__content-wrap  uagb-infobox-icon-above-title uagb-infobox-image-valign-top\"><div class=\"uagb-ifb-content\"><div class=\"uagb-ifb-title-wrap\"><h3 class=\"uagb-ifb-title\">2022 &#8211; Mikes Janka<\/h3><\/div><\/div><\/div>\n\n\n\n<div class=\"wp-block-uagb-info-box uagb-block-770431b8 uagb-infobox__content-wrap  uagb-infobox-icon-above-title uagb-infobox-image-valign-top\"><div class=\"uagb-ifb-content\"><div class=\"uagb-ifb-title-wrap\"><h3 class=\"uagb-ifb-title\">2020 &#8211; G\u00e1rdonyi Csilla<\/h3><\/div><\/div><\/div>\n\n\n\n<div class=\"wp-block-uagb-info-box uagb-block-ebea2be3 uagb-infobox__content-wrap  uagb-infobox-icon-above-title uagb-infobox-image-valign-top\"><div class=\"uagb-ifb-content\"><div class=\"uagb-ifb-title-wrap\"><h3 class=\"uagb-ifb-title\">2019 &#8211; G\u00e1rdonyi Csilla<\/h3><\/div><\/div><\/div>\n\n\n\n<div class=\"wp-block-uagb-info-box uagb-block-93ef68c7 uagb-infobox__content-wrap  uagb-infobox-icon-above-title uagb-infobox-image-valign-top\"><div class=\"uagb-ifb-content\"><div class=\"uagb-ifb-title-wrap\"><h3 class=\"uagb-ifb-title\">2018 &#8211; G\u00e1rdonyi Csilla<\/h3><\/div><\/div><\/div>\n\n\n\n<div class=\"wp-block-uagb-info-box uagb-block-ef28d385 uagb-infobox__content-wrap  uagb-infobox-icon-above-title uagb-infobox-image-valign-top\"><div class=\"uagb-ifb-content\"><div class=\"uagb-ifb-title-wrap\"><h3 class=\"uagb-ifb-title\">2017 &#8211; G\u00e1rdonyi Csilla<\/h3><\/div><\/div><\/div>\n\n\n\n<div class=\"wp-block-uagb-info-box uagb-block-cbea0492 uagb-infobox__content-wrap  uagb-infobox-icon-above-title uagb-infobox-image-valign-top\"><div class=\"uagb-ifb-content\"><div class=\"uagb-ifb-title-wrap\"><h3 class=\"uagb-ifb-title\">2014 &#8211; Miavecz Bal\u00e1zs<\/h3><\/div><\/div><\/div>\n<\/div>\n<\/div><\/div>\n\n\n\n<div class=\"wp-block-uagb-container uagb-block-e649ba23 alignfull uagb-is-root-container\"><div class=\"uagb-container-inner-blocks-wrap\">\n<div class=\"wp-block-uagb-container uagb-block-f64e915b\">\n<div class=\"wp-block-uagb-info-box uagb-block-a82192a1 uagb-infobox__content-wrap  uagb-infobox-icon-above-title uagb-infobox-image-valign-top\"><div class=\"uagb-ifb-content\"><div class=\"uagb-ifb-title-wrap\"><h2 class=\"uagb-ifb-title\"><strong>\u201e<\/strong>T\u00e1j\u00e9koz\u00f3d\u00e1si fut\u00e1s\u00e9rt<strong>\u201d<\/strong> kit\u0171z\u0151&nbsp;<\/h2><\/div><div class=\"uagb-ifb-separator\"><\/div><p class=\"uagb-ifb-desc\">A d\u00edj az adott \u00e9vben v\u00e9gzett orsz\u00e1gos szinten is kiemelked\u0151 versenyszervez\u0151i, versenyb\u00edr\u00f3i, edz\u0151i stb. tev\u00e9kenys\u00e9g\u00e9rt adhat\u00f3.<\/p><\/div><\/div>\n<\/div>\n\n\n\n<div class=\"wp-block-uagb-container uagb-block-c3ad62a9\">\n<div class=\"wp-block-uagb-info-box uagb-block-71ff38d9 uagb-infobox__content-wrap  uagb-infobox-icon-above-title uagb-infobox-image-valign-top\"><div class=\"uagb-ifb-content\"><div class=\"uagb-ifb-title-wrap\"><h3 class=\"uagb-ifb-title\">2017 &#8211; Zsebeh\u00e1zy Istv\u00e1n<\/h3><\/div><p class=\"uagb-ifb-desc\">Az ifj\u00fas\u00e1gi v\u00e1logatott szervez\u0151jek\u00e9nt v\u00e9gzett f\u00e1radhatatlan munk\u00e1j\u00e1\u00e9rt.<\/p><\/div><\/div>\n\n\n\n<div class=\"wp-block-uagb-info-box uagb-block-da3bfe2f uagb-infobox__content-wrap  uagb-infobox-icon-above-title uagb-infobox-image-valign-top\"><div class=\"uagb-ifb-content\"><div class=\"uagb-ifb-title-wrap\"><h3 class=\"uagb-ifb-title\">2013 &#8211; Kisv\u00f6lcsey \u00c1kos<\/h3><\/div><p class=\"uagb-ifb-desc\">Kiemelked\u0151en sikeres edz\u0151i munk\u00e1j\u00e1\u00e9rt.<\/p><\/div><\/div>\n\n\n\n<div class=\"wp-block-uagb-info-box uagb-block-cfdb0faa uagb-infobox__content-wrap  uagb-infobox-icon-above-title uagb-infobox-image-valign-top\"><div class=\"uagb-ifb-content\"><div class=\"uagb-ifb-title-wrap\"><h3 class=\"uagb-ifb-title\">2002 &#8211; Borosznoki L\u00e1szl\u00f3<\/h3><\/div><p class=\"uagb-ifb-desc\">Az EB-n, valamint versenyrendez\u0151k\u00e9nt v\u00e9gzett munk\u00e1j\u00e1\u00e9rt.<\/p><\/div><\/div>\n\n\n\n<div class=\"wp-block-uagb-info-box uagb-block-83a63ed4 uagb-infobox__content-wrap  uagb-infobox-icon-above-title uagb-infobox-image-valign-top\"><div class=\"uagb-ifb-content\"><div class=\"uagb-ifb-title-wrap\"><h3 class=\"uagb-ifb-title\">2001 &#8211; Kisv\u00f6lcsey \u00c1kos<\/h3><\/div><p class=\"uagb-ifb-desc\">Zsebeh\u00e1zy Istv\u00e1n ifi EB 1. helyezett edz\u0151jek\u00e9nt.<\/p><\/div><\/div>\n<\/div>\n<\/div><\/div>\n\n\n\n<div class=\"wp-block-uagb-container uagb-block-2e4ae4d9 alignfull uagb-is-root-container\"><div class=\"uagb-container-inner-blocks-wrap\">\n<div class=\"wp-block-uagb-container uagb-block-7d97e1d2\">\n<div class=\"wp-block-uagb-info-box uagb-block-ffbda619 uagb-infobox__content-wrap  uagb-infobox-icon-above-title uagb-infobox-image-valign-top\"><div class=\"uagb-ifb-content\"><div class=\"uagb-ifb-title-wrap\"><h2 class=\"uagb-ifb-title\">Orienteering Achievement of the year<\/h2><\/div><div class=\"uagb-ifb-separator\"><\/div><p class=\"uagb-ifb-desc\">A World of O szakmai port\u00e1l d\u00edja az \u00e9v t\u00e1jfut\u00f3 eredm\u00e9ny\u00e9\u00e9rt.<\/p><\/div><\/div>\n<\/div>\n\n\n\n<div class=\"wp-block-uagb-container uagb-block-b6167eec\">\n<div class=\"wp-block-uagb-info-box uagb-block-f43993e3 uagb-infobox__content-wrap  uagb-infobox-icon-above-title uagb-infobox-image-valign-top\"><div class=\"uagb-ifb-content\"><div class=\"uagb-ifb-title-wrap\"><h3 class=\"uagb-ifb-title\">2018 &#8211; G\u00e1rdonyi Csilla<\/h3><\/div><\/div><\/div>\n<\/div>\n<\/div><\/div>\n\n\n\n<div class=\"wp-block-uagb-container uagb-block-655eba54 alignfull uagb-is-root-container\"><div class=\"uagb-container-inner-blocks-wrap\">\n<div class=\"wp-block-uagb-container uagb-block-58253bdd\">\n<div class=\"wp-block-uagb-info-box uagb-block-e707e243 uagb-infobox__content-wrap  uagb-infobox-icon-above-title uagb-infobox-image-valign-top\"><div class=\"uagb-ifb-content\"><div class=\"uagb-ifb-title-wrap\"><h2 class=\"uagb-ifb-title\">Budapest T\u00e1jfut\u00f3 Sportj\u00e1\u00e9rt D\u00edj<\/h2><\/div><div class=\"uagb-ifb-separator\"><\/div><p class=\"uagb-ifb-desc\">A Budapesti T\u00e1jfut\u00f3k Sz\u00f6vets\u00e9g\u00e9nek \u00e9letm\u0171d\u00edja. Minden \u00e9vben egy d\u00edj ker\u00fcl kioszt\u00e1sra.<\/p><\/div><\/div>\n<\/div>\n\n\n\n<div class=\"wp-block-uagb-container uagb-block-67228d09\">\n<div class=\"wp-block-uagb-info-box uagb-block-44f8fa89 uagb-infobox__content-wrap  uagb-infobox-icon-above-title uagb-infobox-image-valign-top\"><div class=\"uagb-ifb-content\"><div class=\"uagb-ifb-title-wrap\"><h3 class=\"uagb-ifb-title\">2025 &#8211; Dese\u0151 L\u00e1szl\u00f3<\/h3><\/div><\/div><\/div>\n\n\n\n<div class=\"wp-block-uagb-info-box uagb-block-4d263aba uagb-infobox__content-wrap  uagb-infobox-icon-above-title uagb-infobox-image-valign-top\"><div class=\"uagb-ifb-content\"><div class=\"uagb-ifb-title-wrap\"><h3 class=\"uagb-ifb-title\">2016 &#8211; Borosznoki L\u00e1szl\u00f3<\/h3><\/div><\/div><\/div>\n<\/div>\n<\/div><\/div>\n\n\n\n<div class=\"wp-block-uagb-container uagb-block-77582d93 alignfull uagb-is-root-container\"><div class=\"uagb-container-inner-blocks-wrap\">\n<div class=\"wp-block-uagb-container uagb-block-d7b361dc\">\n<div class=\"wp-block-uagb-info-box uagb-block-4a2e2291 uagb-infobox__content-wrap  uagb-infobox-icon-above-title uagb-infobox-image-valign-top\"><div class=\"uagb-ifb-content\"><div class=\"uagb-ifb-title-wrap\"><h2 class=\"uagb-ifb-title\">Ez\u00fcst Fut\u00f3cip\u0151<\/h2><\/div><div class=\"uagb-ifb-separator\"><\/div><p class=\"uagb-ifb-desc\">Fekete Jen\u0151, a Budapesti T\u00e1jfut\u00f3k Sz\u00f6vets\u00e9g\u00e9nek n\u00e9hai eln\u00f6ke \u00e1ltal \u00f6sszesen 7 alkalommal kiosztott k\u00fcl\u00f6nd\u00edj a legjobb nemzetk\u00f6zi eredm\u00e9nyt el\u00e9r\u0151 budapesti t\u00e1jfut\u00f3knak.<\/p><\/div><\/div>\n<\/div>\n\n\n\n<div class=\"wp-block-uagb-container uagb-block-f6a12d3d\">\n<div class=\"wp-block-uagb-info-box uagb-block-5437368a uagb-infobox__content-wrap  uagb-infobox-icon-above-title uagb-infobox-image-valign-top\"><div class=\"uagb-ifb-content\"><div class=\"uagb-ifb-title-wrap\"><h3 class=\"uagb-ifb-title\">2020 &#8211; Czak\u00f3 Bogl\u00e1rka<\/h3><\/div><\/div><\/div>\n\n\n\n<div class=\"wp-block-uagb-info-box uagb-block-e9f3248f uagb-infobox__content-wrap  uagb-infobox-icon-above-title uagb-infobox-image-valign-top\"><div class=\"uagb-ifb-content\"><div class=\"uagb-ifb-title-wrap\"><h3 class=\"uagb-ifb-title\">2017 &#8211; S\u00e1rk\u00f6zy Zs\u00f3fia<\/h3><\/div><\/div><\/div>\n\n\n\n<div class=\"wp-block-uagb-info-box uagb-block-10ef5434 uagb-infobox__content-wrap  uagb-infobox-icon-above-title uagb-infobox-image-valign-top\"><div class=\"uagb-ifb-content\"><div class=\"uagb-ifb-title-wrap\"><h3 class=\"uagb-ifb-title\">2016 &#8211; G\u00e1rdonyi Csilla<\/h3><\/div><\/div><\/div>\n<\/div>\n<\/div><\/div>\n\n\n\n<div class=\"wp-block-uagb-container uagb-block-758c8bf3 alignfull uagb-is-root-container\"><div class=\"uagb-container-inner-blocks-wrap\">\n<div class=\"wp-block-uagb-container uagb-block-882afe6d\">\n<div class=\"wp-block-uagb-info-box uagb-block-321499e6 uagb-infobox__content-wrap  uagb-infobox-icon-above-title uagb-infobox-image-valign-top\"><div class=\"uagb-ifb-content\"><div class=\"uagb-ifb-title-wrap\"><h2 class=\"uagb-ifb-title\">Budapest T\u00e1jfut\u00f3ja<\/h2><\/div><div class=\"uagb-ifb-separator\"><\/div><p class=\"uagb-ifb-desc\">Meghat\u00e1rozott (az \u00e9vek folyam\u00e1n t\u00f6bbsz\u00f6r v\u00e1ltoz\u00f3) koroszt\u00e1lyokban a legjobb budapesti t\u00e1jfut\u00f3knak osztja ki a Budapesti T\u00e1jfut\u00f3k Sz\u00f6vets\u00e9ge.<\/p><\/div><\/div>\n<\/div>\n\n\n\n<div class=\"wp-block-uagb-container uagb-block-c07ab63c\">\n<div class=\"wp-block-uagb-info-box uagb-block-81fd1f05 uagb-infobox__content-wrap  uagb-infobox-icon-above-title uagb-infobox-image-valign-top\"><div class=\"uagb-ifb-content\"><div class=\"uagb-ifb-title-wrap\"><h3 class=\"uagb-ifb-title\">2025  &#8211; Mikes Janka, Szak\u00e1l-Bir\u00f3 S\u00e1ra<\/h3><\/div><\/div><\/div>\n\n\n\n<div class=\"wp-block-uagb-info-box uagb-block-f4538991 uagb-infobox__content-wrap  uagb-infobox-icon-above-title uagb-infobox-image-valign-top\"><div class=\"uagb-ifb-content\"><div class=\"uagb-ifb-title-wrap\"><h3 class=\"uagb-ifb-title\">2024  &#8211; Mikes Janka, Szak\u00e1l-Bir\u00f3 S\u00e1ra<\/h3><\/div><\/div><\/div>\n\n\n\n<div class=\"wp-block-uagb-info-box uagb-block-be11ce08 uagb-infobox__content-wrap  uagb-infobox-icon-above-title uagb-infobox-image-valign-top\"><div class=\"uagb-ifb-content\"><div class=\"uagb-ifb-title-wrap\"><h3 class=\"uagb-ifb-title\">2023  &#8211; Czak\u00f3 Bogl\u00e1rka, Mikes Janka, Szak\u00e1l-Bir\u00f3 S\u00e1ra<\/h3><\/div><\/div><\/div>\n\n\n\n<div class=\"wp-block-uagb-info-box uagb-block-499ac359 uagb-infobox__content-wrap  uagb-infobox-icon-above-title uagb-infobox-image-valign-top\"><div class=\"uagb-ifb-content\"><div class=\"uagb-ifb-title-wrap\"><h3 class=\"uagb-ifb-title\">2022  &#8211; Czak\u00f3 Bogl\u00e1rka, Mikes Janka<\/h3><\/div><\/div><\/div>\n\n\n\n<div class=\"wp-block-uagb-info-box uagb-block-f271cc90 uagb-infobox__content-wrap  uagb-infobox-icon-above-title uagb-infobox-image-valign-top\"><div class=\"uagb-ifb-content\"><div class=\"uagb-ifb-title-wrap\"><h3 class=\"uagb-ifb-title\">2021  &#8211; <em><span style=\"color: var(--ast-global-color-8);\" class=\"stk-highlight\">(nem lett kiosztva)<\/span><\/em><\/h3><\/div><\/div><\/div>\n\n\n\n<div class=\"wp-block-uagb-info-box uagb-block-8a1675ca uagb-infobox__content-wrap  uagb-infobox-icon-above-title uagb-infobox-image-valign-top\"><div class=\"uagb-ifb-content\"><div class=\"uagb-ifb-title-wrap\"><h3 class=\"uagb-ifb-title\">2020  &#8211; G\u00e1rdonyi Csilla<\/h3><\/div><\/div><\/div>\n\n\n\n<div class=\"wp-block-uagb-info-box uagb-block-407c7e9e uagb-infobox__content-wrap  uagb-infobox-icon-above-title uagb-infobox-image-valign-top\"><div class=\"uagb-ifb-content\"><div class=\"uagb-ifb-title-wrap\"><h3 class=\"uagb-ifb-title\">2019  &#8211; G\u00e1rdonyi Csilla, Czak\u00f3 Bogl\u00e1rka<\/h3><\/div><\/div><\/div>\n\n\n\n<div class=\"wp-block-uagb-info-box uagb-block-645327e6 uagb-infobox__content-wrap  uagb-infobox-icon-above-title uagb-infobox-image-valign-top\"><div class=\"uagb-ifb-content\"><div class=\"uagb-ifb-title-wrap\"><h3 class=\"uagb-ifb-title\">2018  &#8211; G\u00e1rdonyi Csilla, Czak\u00f3 Bogl\u00e1rka, S\u00e1rk\u00f6zy Zs\u00f3fia<\/h3><\/div><\/div><\/div>\n\n\n\n<div class=\"wp-block-uagb-info-box uagb-block-2d6c3ec3 uagb-infobox__content-wrap  uagb-infobox-icon-above-title uagb-infobox-image-valign-top\"><div class=\"uagb-ifb-content\"><div class=\"uagb-ifb-title-wrap\"><h3 class=\"uagb-ifb-title\">2017  &#8211; G\u00e1rdonyi Csilla, S\u00e1rk\u00f6zy Zs\u00f3fia<\/h3><\/div><\/div><\/div>\n\n\n\n<div class=\"wp-block-uagb-info-box uagb-block-4bdc3ba5 uagb-infobox__content-wrap  uagb-infobox-icon-above-title uagb-infobox-image-valign-top\"><div class=\"uagb-ifb-content\"><div class=\"uagb-ifb-title-wrap\"><h3 class=\"uagb-ifb-title\">2016  &#8211; G\u00e1rdonyi Csilla, S\u00e1rk\u00f6zy Zs\u00f3fia<\/h3><\/div><\/div><\/div>\n\n\n\n<div class=\"wp-block-uagb-info-box uagb-block-a6bbae53 uagb-infobox__content-wrap  uagb-infobox-icon-above-title uagb-infobox-image-valign-top\"><div class=\"uagb-ifb-content\"><div class=\"uagb-ifb-title-wrap\"><h3 class=\"uagb-ifb-title\">2015  &#8211; G\u00e1rdonyi Csilla, S\u00e1rk\u00f6zy Zs\u00f3fia<\/h3><\/div><\/div><\/div>\n\n\n\n<div class=\"wp-block-uagb-info-box uagb-block-d5fdd1a0 uagb-infobox__content-wrap  uagb-infobox-icon-above-title uagb-infobox-image-valign-top\"><div class=\"uagb-ifb-content\"><div class=\"uagb-ifb-title-wrap\"><h3 class=\"uagb-ifb-title\">2014  &#8211; Miavecz Bal\u00e1zs<\/h3><\/div><\/div><\/div>\n\n\n\n<div class=\"wp-block-uagb-info-box uagb-block-675fa86b uagb-infobox__content-wrap  uagb-infobox-icon-above-title uagb-infobox-image-valign-top\"><div class=\"uagb-ifb-content\"><div class=\"uagb-ifb-title-wrap\"><h3 class=\"uagb-ifb-title\">2013  &#8211; K\u00e9zdy Borb\u00e1la<\/h3><\/div><\/div><\/div>\n\n\n\n<div class=\"wp-block-uagb-info-box uagb-block-d323b5aa uagb-infobox__content-wrap  uagb-infobox-icon-above-title uagb-infobox-image-valign-top\"><div class=\"uagb-ifb-content\"><div class=\"uagb-ifb-title-wrap\"><h3 class=\"uagb-ifb-title\">2012  &#8211; Miavecz Bal\u00e1zs<\/h3><\/div><\/div><\/div>\n\n\n\n<div class=\"wp-block-uagb-info-box uagb-block-92274e22 uagb-infobox__content-wrap  uagb-infobox-icon-above-title uagb-infobox-image-valign-top\"><div class=\"uagb-ifb-content\"><div class=\"uagb-ifb-title-wrap\"><h3 class=\"uagb-ifb-title\">2008  &#8211; \u0150ry Eszter<\/h3><\/div><\/div><\/div>\n\n\n\n<div class=\"wp-block-uagb-info-box uagb-block-fa300035 uagb-infobox__content-wrap  uagb-infobox-icon-above-title uagb-infobox-image-valign-top\"><div class=\"uagb-ifb-content\"><div class=\"uagb-ifb-title-wrap\"><h3 class=\"uagb-ifb-title\">2007  &#8211; Jenes G\u00e9za<\/h3><\/div><\/div><\/div>\n\n\n\n<div class=\"wp-block-uagb-info-box uagb-block-b593dc33 uagb-infobox__content-wrap  uagb-infobox-icon-above-title uagb-infobox-image-valign-top\"><div class=\"uagb-ifb-content\"><div class=\"uagb-ifb-title-wrap\"><h3 class=\"uagb-ifb-title\">2006  &#8211; \u0150ry Eszter<\/h3><\/div><\/div><\/div>\n\n\n\n<div class=\"wp-block-uagb-info-box uagb-block-16b42403 uagb-infobox__content-wrap  uagb-infobox-icon-above-title uagb-infobox-image-valign-top\"><div class=\"uagb-ifb-content\"><div class=\"uagb-ifb-title-wrap\"><h3 class=\"uagb-ifb-title\">2005  &#8211; \u0150ry Eszter<\/h3><\/div><\/div><\/div>\n\n\n\n<div class=\"wp-block-uagb-info-box uagb-block-7426d73d uagb-infobox__content-wrap  uagb-infobox-icon-above-title uagb-infobox-image-valign-top\"><div class=\"uagb-ifb-content\"><div class=\"uagb-ifb-title-wrap\"><h3 class=\"uagb-ifb-title\">2004  &#8211; \u0150ry Eszter<\/h3><\/div><\/div><\/div>\n\n\n\n<div class=\"wp-block-uagb-info-box uagb-block-9f75193b uagb-infobox__content-wrap  uagb-infobox-icon-above-title uagb-infobox-image-valign-top\"><div class=\"uagb-ifb-content\"><div class=\"uagb-ifb-title-wrap\"><h3 class=\"uagb-ifb-title\">2003  &#8211; Tas Katalin<\/h3><\/div><\/div><\/div>\n\n\n\n<div class=\"wp-block-uagb-info-box uagb-block-8db403da uagb-infobox__content-wrap  uagb-infobox-icon-above-title uagb-infobox-image-valign-top\"><div class=\"uagb-ifb-content\"><div class=\"uagb-ifb-title-wrap\"><h3 class=\"uagb-ifb-title\">2002  &#8211; Zsebeh\u00e1zy Istv\u00e1n, Tas Katalin<\/h3><\/div><\/div><\/div>\n\n\n\n<div class=\"wp-block-uagb-info-box uagb-block-d2bf9d2d uagb-infobox__content-wrap  uagb-infobox-icon-above-title uagb-infobox-image-valign-top\"><div class=\"uagb-ifb-content\"><div class=\"uagb-ifb-title-wrap\"><h3 class=\"uagb-ifb-title\">2001  &#8211; Zsebeh\u00e1zy Istv\u00e1n<\/h3><\/div><\/div><\/div>\n\n\n\n<div class=\"wp-block-uagb-info-box uagb-block-744b0232 uagb-infobox__content-wrap  uagb-infobox-icon-above-title uagb-infobox-image-valign-top\"><div class=\"uagb-ifb-content\"><div class=\"uagb-ifb-title-wrap\"><h3 class=\"uagb-ifb-title\">2000  &#8211; Zsebeh\u00e1zy Istv\u00e1n<\/h3><\/div><\/div><\/div>\n\n\n\n<div class=\"wp-block-uagb-info-box uagb-block-7d9508cf uagb-infobox__content-wrap  uagb-infobox-icon-above-title uagb-infobox-image-valign-top\"><div class=\"uagb-ifb-content\"><div class=\"uagb-ifb-title-wrap\"><h3 class=\"uagb-ifb-title\">1998  &#8211; Tas M\u00e1t\u00e9<\/h3><\/div><\/div><\/div>\n\n\n\n<div class=\"wp-block-uagb-info-box uagb-block-afcc6b3e uagb-infobox__content-wrap  uagb-infobox-icon-above-title uagb-infobox-image-valign-top\"><div class=\"uagb-ifb-content\"><div class=\"uagb-ifb-title-wrap\"><h3 class=\"uagb-ifb-title\">1997  &#8211; Friedrich G\u00e1bor, Bir\u00f3 Alma<\/h3><\/div><\/div><\/div>\n<\/div>\n<\/div><\/div>\n\n\n\n<div class=\"wp-block-uagb-container uagb-block-19e32a97 alignfull uagb-is-root-container\"><div class=\"uagb-container-inner-blocks-wrap\">\n<div class=\"wp-block-uagb-container uagb-block-c9a8654f\">\n<div class=\"wp-block-uagb-info-box uagb-block-5ff328a8 uagb-infobox__content-wrap  uagb-infobox-icon-above-title uagb-infobox-image-valign-top\"><div class=\"uagb-ifb-content\"><div class=\"uagb-ifb-title-wrap\"><h2 class=\"uagb-ifb-title\">A h\u00f3nap m\u0171helye K\u00f6z\u00f6ns\u00e9gd\u00edj<\/h2><\/div><div class=\"uagb-ifb-separator\"><\/div><p class=\"uagb-ifb-desc\">A Magyar Olimpiai Bizotts\u00e1g \u00e9s a Decathlon d\u00edja.<\/p><\/div><\/div>\n<\/div>\n\n\n\n<div class=\"wp-block-uagb-container uagb-block-2c3905c6\">\n<div class=\"wp-block-uagb-info-box uagb-block-2ecc1592 uagb-infobox__content-wrap  uagb-infobox-icon-above-title uagb-infobox-image-valign-top\"><div class=\"uagb-ifb-content\"><div class=\"uagb-ifb-title-wrap\"><h3 class=\"uagb-ifb-title\">2017  &#8211; Hegyvid\u00e9k MOM T\u00e1jfut\u00f3 Szakoszt\u00e1ly<\/h3><\/div><\/div><\/div>\n<\/div>\n<\/div><\/div>\n","protected":false},"excerpt":{"rendered":"<p>Az \u00e9vek folyam\u00e1n tagjaink sz\u00e1mos kit\u00fcntet\u00e9st nyertek el a t\u00e1jfut\u00e1shoz k\u00f6t\u0151d\u0151 munk\u00e1juk\u00e9rt, eredm\u00e9nyeik\u00e9rt. Ezen az oldalon \u00f6sszegy\u0171jt\u00f6tt\u00fck ezek k\u00f6z\u00fcl a legrangosabbakat. Amennyiben nem jelezz\u00fck k\u00fcl\u00f6n, akkor a d\u00edjak adom\u00e1nyoz\u00f3ja a Magyar T\u00e1j\u00e9koz\u00f3d\u00e1si Fut\u00f3 Sz\u00f6vets\u00e9g (MTFSZ).<\/p>\n","protected":false},"author":1,"featured_media":0,"parent":127,"menu_order":0,"comment_status":"closed","ping_status":"closed","template":"","meta":{"_crdt_document":"","_uag_custom_page_level_css":"","site-sidebar-layout":"default","site-content-layout":"","ast-site-content-layout":"default","site-content-style":"default","site-sidebar-style":"default","ast-global-header-display":"","ast-banner-title-visibility":"","ast-main-header-display":"","ast-hfb-above-header-display":"","ast-hfb-below-header-display":"","ast-hfb-mobile-header-display":"","site-post-title":"","ast-breadcrumbs-content":"","ast-featured-img":"","footer-sml-layout":"","theme-transparent-header-meta":"","adv-header-id-meta":"","stick-header-meta":"","header-above-stick-meta":"","header-main-stick-meta":"","header-below-stick-meta":"","astra-migrate-meta-layouts":"default","ast-page-background-enabled":"default","ast-page-background-meta":{"desktop":{"background-color":"var(--ast-global-color-4)","background-image":"","background-repeat":"repeat","background-position":"center center","background-size":"auto","background-attachment":"scroll","background-type":"","background-media":"","overlay-type":"","overlay-color":"","overlay-opacity":"","overlay-gradient":""},"tablet":{"background-color":"","background-image":"","background-repeat":"repeat","background-position":"center center","background-size":"auto","background-attachment":"scroll","background-type":"","background-media":"","overlay-type":"","overlay-color":"","overlay-opacity":"","overlay-gradient":""},"mobile":{"background-color":"","background-image":"","background-repeat":"repeat","background-position":"center center","background-size":"auto","background-attachment":"scroll","background-type":"","background-media":"","overlay-type":"","overlay-color":"","overlay-opacity":"","overlay-gradient":""}},"ast-content-background-meta":{"desktop":{"background-color":"var(--ast-global-color-5)","background-image":"","background-repeat":"repeat","background-position":"center center","background-size":"auto","background-attachment":"scroll","background-type":"","background-media":"","overlay-type":"","overlay-color":"","overlay-opacity":"","overlay-gradient":""},"tablet":{"background-color":"var(--ast-global-color-5)","background-image":"","background-repeat":"repeat","background-position":"center center","background-size":"auto","background-attachment":"scroll","background-type":"","background-media":"","overlay-type":"","overlay-color":"","overlay-opacity":"","overlay-gradient":""},"mobile":{"background-color":"var(--ast-global-color-5)","background-image":"","background-repeat":"repeat","background-position":"center center","background-size":"auto","background-attachment":"scroll","background-type":"","background-media":"","overlay-type":"","overlay-color":"","overlay-opacity":"","overlay-gradient":""}},"footnotes":""},"class_list":["post-237","page","type-page","status-publish","hentry"],"uagb_featured_image_src":{"full":false,"thumbnail":false,"medium":false,"medium_large":false,"large":false,"1536x1536":false,"2048x2048":false},"uagb_author_info":{"display_name":"hellomarci","author_link":"https:\/\/mom-o.hu\/?author=1"},"uagb_comment_info":0,"uagb_excerpt":"Az \u00e9vek folyam\u00e1n tagjaink sz\u00e1mos kit\u00fcntet\u00e9st nyertek el a t\u00e1jfut\u00e1shoz k\u00f6t\u0151d\u0151 munk\u00e1juk\u00e9rt, eredm\u00e9nyeik\u00e9rt. Ezen az oldalon \u00f6sszegy\u0171jt\u00f6tt\u00fck ezek k\u00f6z\u00fcl a legrangosabbakat. Amennyiben nem jelezz\u00fck k\u00fcl\u00f6n, akkor a d\u00edjak adom\u00e1nyoz\u00f3ja a Magyar T\u00e1j\u00e9koz\u00f3d\u00e1si Fut\u00f3 Sz\u00f6vets\u00e9g (MTFSZ).","_links":{"self":[{"href":"https:\/\/mom-o.hu\/index.php?rest_route=\/wp\/v2\/pages\/237","targetHints":{"allow":["GET"]}}],"collection":[{"href":"https:\/\/mom-o.hu\/index.php?rest_route=\/wp\/v2\/pages"}],"about":[{"href":"https:\/\/mom-o.hu\/index.php?rest_route=\/wp\/v2\/types\/page"}],"author":[{"embeddable":true,"href":"https:\/\/mom-o.hu\/index.php?rest_route=\/wp\/v2\/users\/1"}],"replies":[{"embeddable":true,"href":"https:\/\/mom-o.hu\/index.php?rest_route=%2Fwp%2Fv2%2Fcomments&post=237"}],"version-history":[{"count":58,"href":"https:\/\/mom-o.hu\/index.php?rest_route=\/wp\/v2\/pages\/237\/revisions"}],"predecessor-version":[{"id":1546,"href":"https:\/\/mom-o.hu\/index.php?rest_route=\/wp\/v2\/pages\/237\/revisions\/1546"}],"up":[{"embeddable":true,"href":"https:\/\/mom-o.hu\/index.php?rest_route=\/wp\/v2\/pages\/127"}],"wp:attachment":[{"href":"https:\/\/mom-o.hu\/index.php?rest_route=%2Fwp%2Fv2%2Fmedia&parent=237"}],"curies":[{"name":"wp","href":"https:\/\/api.w.org\/{rel}","templated":true}]}}