{"id":359,"date":"2023-10-06T22:06:40","date_gmt":"2023-10-06T20:06:40","guid":{"rendered":"https:\/\/mom-o.hu\/new\/?page_id=359"},"modified":"2025-02-07T17:37:11","modified_gmt":"2025-02-07T16:37:11","slug":"timeline","status":"publish","type":"page","link":"https:\/\/mom-o.hu\/?page_id=359","title":{"rendered":"T\u00f6rt\u00e9net\u00fcnk"},"content":{"rendered":"\n<div class=\"wp-block-stackable-timeline stk-block-timeline stk-block-timeline--left stk-block stk-fd8f6f6\" data-block-id=\"fd8f6f6\"><style>@media screen and (max-width:767px){.stk-fd8f6f6 .stk-inner-blocks:after{top:16px !important}}<\/style><div class=\"stk-row stk-inner-blocks stk-block-content stk-content-align stk-fd8f6f6-column\"><div class=\"stk-block-timeline__date\">1987<\/div><div class=\"stk-block-timeline__middle\"><\/div><div class=\"stk-block-timeline__content\">\n<div class=\"wp-block-stackable-column stk-block-column stk-column stk-block stk-418c436\" data-v=\"4\" data-block-id=\"418c436\"><style>.stk-418c436-container{margin-top:0px !important;margin-right:0px !important;margin-bottom:0px !important;margin-left:0px !important}<\/style><div class=\"stk-column-wrapper stk-block-column__content stk-container stk-418c436-container stk--no-background stk--no-padding\"><div class=\"stk-block-content stk-inner-blocks stk-418c436-inner-blocks\">\n<div class=\"wp-block-stackable-text stk-block-text stk-block stk-4634373\" data-block-id=\"4634373\"><p class=\"stk-block-text__text\">10-12 fiatal versenyz\u0151vel megalakul a ker\u00fclet\u00fcnkben akkor m\u00e1r m\u0171k\u00f6d\u0151 MOM SE-ben a t\u00e1jfut\u00f3 szakoszt\u00e1ly, melynek Borosznoki L\u00e1szl\u00f3 (Bob\u00f3) lett a vezet\u0151je, Dese\u0151 L\u00e1szl\u00f3 (Dixi papa) pedig az edz\u0151je.<\/p><\/div>\n<\/div><\/div><\/div>\n<\/div><\/div><\/div>\n\n\n\n<div class=\"wp-block-stackable-timeline stk-block-timeline stk-block-timeline--right stk-block stk-73034aa\" data-block-id=\"73034aa\"><style>@media screen and (max-width:767px){.stk-73034aa .stk-inner-blocks:after{top:16px !important}}<\/style><div class=\"stk-row stk-inner-blocks stk-block-content stk-content-align stk-73034aa-column\"><div class=\"stk-block-timeline__date\">1987<\/div><div class=\"stk-block-timeline__middle\"><\/div><div class=\"stk-block-timeline__content\">\n<div class=\"wp-block-stackable-column stk-block-column stk-column stk-block stk-7c6447d\" data-v=\"4\" data-block-id=\"7c6447d\"><style>.stk-7c6447d-container{margin-top:0px !important;margin-right:0px !important;margin-bottom:0px !important;margin-left:0px !important}<\/style><div class=\"stk-column-wrapper stk-block-column__content stk-container stk-7c6447d-container stk--no-background stk--no-padding\"><div class=\"stk-block-content stk-inner-blocks stk-7c6447d-inner-blocks\">\n<div class=\"wp-block-stackable-text stk-block-text stk-block stk-4d484f4\" data-block-id=\"4d484f4\"><p class=\"stk-block-text__text\">A Boss\u00e1nszky Krisztina, Vastagh Gabriella, Dese\u0151 Orsolya \u00f6ssze\u00e1ll\u00edt\u00e1s\u00fa v\u00e1lt\u00f3 N15 kateg\u00f3ri\u00e1ban megszerzi els\u0151 bajnoki c\u00edm\u00fcnket.<\/p><\/div>\n<\/div><\/div><\/div>\n<\/div><\/div><\/div>\n\n\n\n<div class=\"wp-block-stackable-timeline stk-block-timeline stk-block-timeline--right stk-block stk-8a9d6fd\" data-block-id=\"8a9d6fd\"><style>@media screen and (max-width:767px){.stk-8a9d6fd .stk-inner-blocks:after{top:16px !important}}<\/style><div class=\"stk-row stk-inner-blocks stk-block-content stk-content-align stk-8a9d6fd-column\"><div class=\"stk-block-timeline__date\">1989<\/div><div class=\"stk-block-timeline__middle\"><\/div><div class=\"stk-block-timeline__content\">\n<div class=\"wp-block-stackable-column stk-block-column stk-column stk-block stk-232ca0e\" data-v=\"4\" data-block-id=\"232ca0e\"><style>.stk-232ca0e-container{margin-top:0px !important;margin-right:0px !important;margin-bottom:0px !important;margin-left:0px !important}<\/style><div class=\"stk-column-wrapper stk-block-column__content stk-container stk-232ca0e-container stk--no-background stk--no-padding\"><div class=\"stk-block-content stk-inner-blocks stk-232ca0e-inner-blocks\">\n<div class=\"wp-block-stackable-text stk-block-text stk-block stk-c823bf1\" data-block-id=\"c823bf1\"><p class=\"stk-block-text__text\">Dese\u0151 Orsolya megszerzi els\u0151 egy\u00e9ni orsz\u00e1gos bajnoki aranyunkat az N17 kateg\u00f3ria klasszikus t\u00e1vj\u00e1nak megnyer\u00e9s\u00e9vel.<\/p><\/div>\n<\/div><\/div><\/div>\n<\/div><\/div><\/div>\n\n\n\n<div class=\"wp-block-stackable-timeline stk-block-timeline stk-block-timeline--left stk-block stk-42553ae\" data-block-id=\"42553ae\"><style>@media screen and (max-width:767px){.stk-42553ae .stk-inner-blocks:after{top:16px !important}}<\/style><div class=\"stk-row stk-inner-blocks stk-block-content stk-content-align stk-42553ae-column\"><div class=\"stk-block-timeline__date\">1990<\/div><div class=\"stk-block-timeline__middle\"><\/div><div class=\"stk-block-timeline__content\">\n<div class=\"wp-block-stackable-column stk-block-column stk-column stk-block stk-a976cb2\" data-v=\"4\" data-block-id=\"a976cb2\"><style>.stk-a976cb2-container{margin-top:0px !important;margin-right:0px !important;margin-bottom:0px !important;margin-left:0px !important}<\/style><div class=\"stk-column-wrapper stk-block-column__content stk-container stk-a976cb2-container stk--no-background stk--no-padding\"><div class=\"stk-block-content stk-inner-blocks stk-a976cb2-inner-blocks\">\n<div class=\"wp-block-stackable-text stk-block-text stk-block stk-625649b\" data-block-id=\"625649b\"><p class=\"stk-block-text__text\">Kopanyecz Attila veszi \u00e1t az edz\u0151i teend\u0151ket. Hozz\u00e1\u00e9rt\u00e9s\u00e9t dics\u00e9ri, hogy elnyerte az <strong>\u201e<\/strong>\u00c9v edz\u0151je<strong>\u201d<\/strong> d\u00edjat a Magyar T\u00e1j\u00e9koz\u00f3d\u00e1si Fut\u00f3 Sz\u00f6vets\u00e9gt\u0151l.<\/p><\/div>\n<\/div><\/div><\/div>\n<\/div><\/div><\/div>\n\n\n\n<div class=\"wp-block-stackable-timeline stk-block-timeline stk-block-timeline--left stk-block stk-ce77d94\" data-block-id=\"ce77d94\"><style>@media screen and (max-width:767px){.stk-ce77d94 .stk-inner-blocks:after{top:16px !important}}<\/style><div class=\"stk-row stk-inner-blocks stk-block-content stk-content-align stk-ce77d94-column\"><div class=\"stk-block-timeline__date\">1993<\/div><div class=\"stk-block-timeline__middle\"><\/div><div class=\"stk-block-timeline__content\">\n<div class=\"wp-block-stackable-column stk-block-column stk-column stk-block stk-6a42dbc\" data-v=\"4\" data-block-id=\"6a42dbc\"><style>.stk-6a42dbc-container{margin-top:0px !important;margin-right:0px !important;margin-bottom:0px !important;margin-left:0px !important}<\/style><div class=\"stk-column-wrapper stk-block-column__content stk-container stk-6a42dbc-container stk--no-background stk--no-padding\"><div class=\"stk-block-content stk-inner-blocks stk-6a42dbc-inner-blocks\">\n<div class=\"wp-block-stackable-text stk-block-text stk-block stk-5b562c6\" data-block-id=\"5b562c6\"><p class=\"stk-block-text__text\">\u00c1prilis 4-\u00e9n a J\u00e1nos-hegyen Budakeszi focip\u00e1lya k\u00f6zponttal megrendezz\u00fck az els\u0151 MOM Kup\u00e1t.<\/p><\/div>\n<\/div><\/div><\/div>\n<\/div><\/div><\/div>\n\n\n\n<div class=\"wp-block-stackable-timeline stk-block-timeline stk-block-timeline--right stk-block stk-63c6ae7\" data-block-id=\"63c6ae7\"><style>@media screen and (max-width:767px){.stk-63c6ae7 .stk-inner-blocks:after{top:16px !important}}<\/style><div class=\"stk-row stk-inner-blocks stk-block-content stk-content-align stk-63c6ae7-column\"><div class=\"stk-block-timeline__date\">1993<\/div><div class=\"stk-block-timeline__middle\"><\/div><div class=\"stk-block-timeline__content\">\n<div class=\"wp-block-stackable-column stk-block-column stk-column stk-block stk-67f5a87\" data-v=\"4\" data-block-id=\"67f5a87\"><style>.stk-67f5a87-container{margin-top:0px !important;margin-right:0px !important;margin-bottom:0px !important;margin-left:0px !important}<\/style><div class=\"stk-column-wrapper stk-block-column__content stk-container stk-67f5a87-container stk--no-background stk--no-padding\"><div class=\"stk-block-content stk-inner-blocks stk-67f5a87-inner-blocks\">\n<div class=\"wp-block-stackable-text stk-block-text stk-block stk-2abb9f5\" data-block-id=\"2abb9f5\"><p class=\"stk-block-text__text\">Zsebeh\u00e1zy Zsolt pilisv\u00f6r\u00f6sv\u00e1ri gy\u0151zelm\u00e9vel a fi\u00fak is elkezdik gy\u0171jteni a bajnoki c\u00edmeket.<\/p><\/div>\n<\/div><\/div><\/div>\n<\/div><\/div><\/div>\n\n\n\n<div class=\"wp-block-stackable-timeline stk-block-timeline stk-block-timeline--left stk-block stk-e71ae13\" data-block-id=\"e71ae13\"><style>@media screen and (max-width:767px){.stk-e71ae13 .stk-inner-blocks:after{top:16px !important}}<\/style><div class=\"stk-row stk-inner-blocks stk-block-content stk-content-align stk-e71ae13-column\"><div class=\"stk-block-timeline__date\">1994<\/div><div class=\"stk-block-timeline__middle\"><\/div><div class=\"stk-block-timeline__content\">\n<div class=\"wp-block-stackable-column stk-block-column stk-column stk-block stk-87fc772\" data-v=\"4\" data-block-id=\"87fc772\"><style>.stk-87fc772-container{margin-top:0px !important;margin-right:0px !important;margin-bottom:0px !important;margin-left:0px !important}<\/style><div class=\"stk-column-wrapper stk-block-column__content stk-container stk-87fc772-container stk--no-background stk--no-padding\"><div class=\"stk-block-content stk-inner-blocks stk-87fc772-inner-blocks\">\n<div class=\"wp-block-stackable-text stk-block-text stk-block stk-6a6c6b5\" data-block-id=\"6a6c6b5\"><p class=\"stk-block-text__text\">Pertti Torstila finn nagyk\u00f6vet <a href=\"https:\/\/mom-o.hu\/?page_id=134\">v\u00e1ndord\u00edjat<\/a> alap\u00edt szakoszt\u00e1lyunk legjobb versenyz\u0151inek. Az els\u0151 d\u00edjazott Bir\u00f3 Alma.<\/p><\/div>\n<\/div><\/div><\/div>\n<\/div><\/div><\/div>\n\n\n\n<div class=\"wp-block-stackable-timeline stk-block-timeline stk-block-timeline--left stk-block stk-ce325a0\" data-block-id=\"ce325a0\"><style>@media screen and (max-width:767px){.stk-ce325a0 .stk-inner-blocks:after{top:16px !important}}<\/style><div class=\"stk-row stk-inner-blocks stk-block-content stk-content-align stk-ce325a0-column\"><div class=\"stk-block-timeline__date\"><\/div><div class=\"stk-block-timeline__middle\"><\/div><div class=\"stk-block-timeline__content\">\n<div class=\"wp-block-stackable-column stk-block-column stk-column stk-block stk-974b296\" data-v=\"4\" data-block-id=\"974b296\"><style>.stk-974b296-container{margin-top:0px !important;margin-right:0px !important;margin-bottom:0px !important;margin-left:0px !important}<\/style><div class=\"stk-column-wrapper stk-block-column__content stk-container stk-974b296-container stk--no-background stk--no-padding\"><div class=\"stk-block-content stk-inner-blocks stk-974b296-inner-blocks\">\n<div class=\"wp-block-stackable-text stk-block-text stk-block stk-942fa99\" data-block-id=\"942fa99\"><p class=\"stk-block-text__text\">A MOM gy\u00e1r megsz\u0171n\u00e9se ut\u00e1n egy-k\u00e9t \u00e9vig \u00f6n\u00e1ll\u00f3 klubk\u00e9nt m\u0171k\u00f6d\u00fcnk.<\/p><\/div>\n<\/div><\/div><\/div>\n<\/div><\/div><\/div>\n\n\n\n<div class=\"wp-block-stackable-timeline stk-block-timeline stk-block-timeline--left stk-block stk-9c53c5a\" data-block-id=\"9c53c5a\"><style>@media screen and (max-width:767px){.stk-9c53c5a .stk-inner-blocks:after{top:16px !important}}<\/style><div class=\"stk-row stk-inner-blocks stk-block-content stk-content-align stk-9c53c5a-column\"><div class=\"stk-block-timeline__date\">1996<\/div><div class=\"stk-block-timeline__middle\"><\/div><div class=\"stk-block-timeline__content\">\n<div class=\"wp-block-stackable-column stk-block-column stk-column stk-block stk-27c57ff\" data-v=\"4\" data-block-id=\"27c57ff\"><style>.stk-27c57ff-container{margin-top:0px !important;margin-right:0px !important;margin-bottom:0px !important;margin-left:0px !important}<\/style><div class=\"stk-column-wrapper stk-block-column__content stk-container stk-27c57ff-container stk--no-background stk--no-padding\"><div class=\"stk-block-content stk-inner-blocks stk-27c57ff-inner-blocks\">\n<div class=\"wp-block-stackable-text stk-block-text stk-block stk-32f9807\" data-block-id=\"32f9807\"><p class=\"stk-block-text__text\">Kisv\u00f6lcsey \u00c1kos (V\u00f6cs\u00f6k) az \u00faj edz\u0151nk. Tan\u00edtv\u00e1nyai \u00f6sszesen t\u00f6bb mint 150 magyar bajnoki c\u00edmet szereznek az ezt k\u00f6vet\u0151 \u00e9vekben, de az itt felsorolt nemzetk\u00f6zi eredm\u00e9nyeket is az \u0151 felk\u00e9sz\u00edt\u00e9s\u00e9vel \u00e9rik el versenyz\u0151ink. Ennek k\u00f6sz\u00f6nhet\u0151en 2019-ig \u00f6t alkalommal is elnyerte az <strong>\u201e<\/strong>\u00c9v edz\u0151je<strong>\u201d<\/strong> d\u00edjat.<\/p><\/div>\n<\/div><\/div><\/div>\n<\/div><\/div><\/div>\n\n\n\n<div class=\"wp-block-stackable-timeline stk-block-timeline stk-block-timeline--left stk-block stk-dc67508\" data-block-id=\"dc67508\"><style>@media screen and (max-width:767px){.stk-dc67508 .stk-inner-blocks:after{top:16px !important}}<\/style><div class=\"stk-row stk-inner-blocks stk-block-content stk-content-align stk-dc67508-column\"><div class=\"stk-block-timeline__date\">2000<\/div><div class=\"stk-block-timeline__middle\"><\/div><div class=\"stk-block-timeline__content\">\n<div class=\"wp-block-stackable-column stk-block-column stk-column stk-block stk-6d614b3\" data-v=\"4\" data-block-id=\"6d614b3\"><style>.stk-6d614b3-container{margin-top:0px !important;margin-right:0px !important;margin-bottom:0px !important;margin-left:0px !important}<\/style><div class=\"stk-column-wrapper stk-block-column__content stk-container stk-6d614b3-container stk--no-background stk--no-padding\"><div class=\"stk-block-content stk-inner-blocks stk-6d614b3-inner-blocks\">\n<div class=\"wp-block-stackable-text stk-block-text stk-block stk-9e38d0a\" data-block-id=\"9e38d0a\"><p class=\"stk-block-text__text\">Budapest XII. ker\u00fclet \u00f6nkorm\u00e1nyzata l\u00e9trehozza a Hegyvid\u00e9k SE-t, melynek alap\u00edt\u00f3 tagjai k\u00f6z\u00e9 tartozunk. A j\u00f3l bej\u00e1ratott nev\u00fcnket mindenk\u00e9ppen meg akartuk tartani, \u00edgy lett\u00fcnk mi a <strong>\u201e<\/strong>MOM<strong>\u201d<\/strong> t\u00e1jfut\u00f3 szakoszt\u00e1ly.<\/p><\/div>\n<\/div><\/div><\/div>\n<\/div><\/div><\/div>\n\n\n\n<div class=\"wp-block-stackable-timeline stk-block-timeline stk-block-timeline--right stk-block stk-b9970cd\" data-block-id=\"b9970cd\"><style>@media screen and (max-width:767px){.stk-b9970cd .stk-inner-blocks:after{top:16px !important}}<\/style><div class=\"stk-row stk-inner-blocks stk-block-content stk-content-align stk-b9970cd-column\"><div class=\"stk-block-timeline__date\">2001<\/div><div class=\"stk-block-timeline__middle\"><\/div><div class=\"stk-block-timeline__content\">\n<div class=\"wp-block-stackable-column stk-block-column stk-column stk-block stk-e9f62db\" data-v=\"4\" data-block-id=\"e9f62db\"><style>.stk-e9f62db-container{margin-top:0px !important;margin-right:0px !important;margin-bottom:0px !important;margin-left:0px !important}<\/style><div class=\"stk-column-wrapper stk-block-column__content stk-container stk-e9f62db-container stk--no-background stk--no-padding\"><div class=\"stk-block-content stk-inner-blocks stk-e9f62db-inner-blocks\">\n<div class=\"wp-block-stackable-text stk-block-text stk-block stk-4fb476f\" data-block-id=\"4fb476f\"><p class=\"stk-block-text__text\">Zsebeh\u00e1zy Istv\u00e1n megszerzi szakoszt\u00e1lyunk els\u0151 nemzetk\u00f6zi arany\u00e9rm\u00e9t. Isti, a csehorsz\u00e1gi ifi Eb hossz\u00fat\u00e1v\u00fa verseny\u00e9nek megnyer\u00e9s\u00e9vel, megkoron\u00e1zza addigi eredm\u00e9nyeinket \u00e9s a mai napig viszony\u00edt\u00e1si pont legtehets\u00e9gesebb versenyz\u0151ink sz\u00e1m\u00e1ra.<\/p><\/div>\n<\/div><\/div><\/div>\n<\/div><\/div><\/div>\n\n\n\n<div class=\"wp-block-stackable-timeline stk-block-timeline stk-block-timeline--left stk-block stk-6490e6c\" data-block-id=\"6490e6c\"><style>@media screen and (max-width:767px){.stk-6490e6c .stk-inner-blocks:after{top:16px !important}}<\/style><div class=\"stk-row stk-inner-blocks stk-block-content stk-content-align stk-6490e6c-column\"><div class=\"stk-block-timeline__date\">2002<\/div><div class=\"stk-block-timeline__middle\"><\/div><div class=\"stk-block-timeline__content\">\n<div class=\"wp-block-stackable-column stk-block-column stk-column stk-block stk-dc49f66\" data-v=\"4\" data-block-id=\"dc49f66\"><style>.stk-dc49f66-container{margin-top:0px !important;margin-right:0px !important;margin-bottom:0px !important;margin-left:0px !important}<\/style><div class=\"stk-column-wrapper stk-block-column__content stk-container stk-dc49f66-container stk--no-background stk--no-padding\"><div class=\"stk-block-content stk-inner-blocks stk-dc49f66-inner-blocks\">\n<div class=\"wp-block-stackable-text stk-block-text stk-block stk-1df2b75\" data-block-id=\"1df2b75\"><p class=\"stk-block-text__text\">Egyes\u00fclet\u00fcnk els\u0151 orsz\u00e1gos bajnoks\u00e1g\u00e1t rendezi. A keszthelyi norm\u00e1lt\u00e1v\u00fa bajnoks\u00e1g eln\u00f6ke Bob\u00f3, a p\u00e1lyakit\u0171z\u0151je Kopanyecz Attila.<\/p><\/div>\n<\/div><\/div><\/div>\n<\/div><\/div><\/div>\n\n\n\n<div class=\"wp-block-stackable-timeline stk-block-timeline stk-block-timeline--right stk-block stk-e92993e\" data-block-id=\"e92993e\"><style>@media screen and (max-width:767px){.stk-e92993e .stk-inner-blocks:after{top:16px !important}}<\/style><div class=\"stk-row stk-inner-blocks stk-block-content stk-content-align stk-e92993e-column\"><div class=\"stk-block-timeline__date\">2003<\/div><div class=\"stk-block-timeline__middle\"><\/div><div class=\"stk-block-timeline__content\">\n<div class=\"wp-block-stackable-column stk-block-column stk-column stk-block stk-fc78516\" data-v=\"4\" data-block-id=\"fc78516\"><style>.stk-fc78516-container{margin-top:0px !important;margin-right:0px !important;margin-bottom:0px !important;margin-left:0px !important}<\/style><div class=\"stk-column-wrapper stk-block-column__content stk-container stk-fc78516-container stk--no-background stk--no-padding\"><div class=\"stk-block-content stk-inner-blocks stk-fc78516-inner-blocks\">\n<div class=\"wp-block-stackable-text stk-block-text stk-block stk-fee058d\" data-block-id=\"fee058d\"><p class=\"stk-block-text__text\">Isti ism\u00e9t Eur\u00f3pa legjobbja (ez\u00fattal sprinten), ennek k\u00f6sz\u00f6nhet\u0151en \u0151 az els\u0151 magyar versenyz\u0151, aki k\u00e9t egy\u00e9ni arany\u00e9rmmel b\u00fcszk\u00e9lkedhet az ifi Eb-k t\u00f6rt\u00e9net\u00e9ben.<\/p><\/div>\n<\/div><\/div><\/div>\n<\/div><\/div><\/div>\n\n\n\n<div class=\"wp-block-stackable-timeline stk-block-timeline stk-block-timeline--right stk-block stk-2bea7dd\" data-block-id=\"2bea7dd\"><style>@media screen and (max-width:767px){.stk-2bea7dd .stk-inner-blocks:after{top:16px !important}}<\/style><div class=\"stk-row stk-inner-blocks stk-block-content stk-content-align stk-2bea7dd-column\"><div class=\"stk-block-timeline__date\">2003<\/div><div class=\"stk-block-timeline__middle\"><\/div><div class=\"stk-block-timeline__content\">\n<div class=\"wp-block-stackable-column stk-block-column stk-column stk-block stk-82c9aab\" data-v=\"4\" data-block-id=\"82c9aab\"><style>.stk-82c9aab-container{margin-top:0px !important;margin-right:0px !important;margin-bottom:0px !important;margin-left:0px !important}<\/style><div class=\"stk-column-wrapper stk-block-column__content stk-container stk-82c9aab-container stk--no-background stk--no-padding\"><div class=\"stk-block-content stk-inner-blocks stk-82c9aab-inner-blocks\">\n<div class=\"wp-block-stackable-text stk-block-text stk-block stk-670dc1f\" data-block-id=\"670dc1f\"><p class=\"stk-block-text__text\">A Salfer Viktor, Tas M\u00e1t\u00e9, Mets M\u00e1rton, Gy\u00f6rgyi-Ambr\u00f3 Gergely, Zsebeh\u00e1zy Istv\u00e1n \u00f6ssze\u00e1ll\u00edt\u00e1s\u00fa csapatunk megnyeri az egyes\u00fcleti v\u00e1lt\u00f3bajnoks\u00e1got a f\u00e9rfiakn\u00e1l (ez egy koroszt\u00e1lyokon \u00e1t\u00edvel\u0151 versenysz\u00e1m), \u00edgy minden bajnoks\u00e1gr\u00f3l rendelkez\u00fcnk m\u00e1r bajnoki arannyal.<\/p><\/div>\n<\/div><\/div><\/div>\n<\/div><\/div><\/div>\n\n\n\n<div class=\"wp-block-stackable-timeline stk-block-timeline stk-block-timeline--right stk-block stk-0743cfd\" data-block-id=\"0743cfd\"><style>@media screen and (max-width:767px){.stk-0743cfd .stk-inner-blocks:after{top:16px !important}}<\/style><div class=\"stk-row stk-inner-blocks stk-block-content stk-content-align stk-0743cfd-column\"><div class=\"stk-block-timeline__date\">2006<\/div><div class=\"stk-block-timeline__middle\"><\/div><div class=\"stk-block-timeline__content\">\n<div class=\"wp-block-stackable-column stk-block-column stk-column stk-block stk-8990170\" data-v=\"4\" data-block-id=\"8990170\"><style>.stk-8990170-container{margin-top:0px !important;margin-right:0px !important;margin-bottom:0px !important;margin-left:0px !important}<\/style><div class=\"stk-column-wrapper stk-block-column__content stk-container stk-8990170-container stk--no-background stk--no-padding\"><div class=\"stk-block-content stk-inner-blocks stk-8990170-inner-blocks\">\n<div class=\"wp-block-stackable-text stk-block-text stk-block stk-b33d7a2\" data-block-id=\"b33d7a2\"><p class=\"stk-block-text__text\">Az els\u0151 nemzetk\u00f6zi sikersorozatunkban 6 egym\u00e1st k\u00f6vet\u0151 ifj\u00fas\u00e1gi Eur\u00f3pa-bajnoks\u00e1gon is siker\u00fclt \u00e9rmet szereznie legal\u00e1bb egy versenyz\u0151nknek. \u00d6sszesen 5 versenyz\u0151nk (Zsebeh\u00e1zy Istv\u00e1n, Tas Katalin, \u0150ry Eszter, Gy\u00f6rgyi-Ambr\u00f3 Gergely \u00e9s Mets M\u00e1rton) szerez legal\u00e1bb egy \u00e9rmet ebben az id\u0151szakban.<\/p><\/div>\n<\/div><\/div><\/div>\n<\/div><\/div><\/div>\n\n\n\n<div class=\"wp-block-stackable-timeline stk-block-timeline stk-block-timeline--left stk-block stk-34bb8ca\" data-block-id=\"34bb8ca\"><style>@media screen and (max-width:767px){.stk-34bb8ca .stk-inner-blocks:after{top:16px !important}}<\/style><div class=\"stk-row stk-inner-blocks stk-block-content stk-content-align stk-34bb8ca-column\"><div class=\"stk-block-timeline__date\">2012<\/div><div class=\"stk-block-timeline__middle\"><\/div><div class=\"stk-block-timeline__content\">\n<div class=\"wp-block-stackable-column stk-block-column stk-column stk-block stk-1c9f517\" data-v=\"4\" data-block-id=\"1c9f517\"><style>.stk-1c9f517-container{margin-top:0px !important;margin-right:0px !important;margin-bottom:0px !important;margin-left:0px !important}<\/style><div class=\"stk-column-wrapper stk-block-column__content stk-container stk-1c9f517-container stk--no-background stk--no-padding\"><div class=\"stk-block-content stk-inner-blocks stk-1c9f517-inner-blocks\">\n<div class=\"wp-block-stackable-text stk-block-text stk-block stk-4414c43\" data-block-id=\"4414c43\"><p class=\"stk-block-text__text\">Borosznoki L\u00e1szl\u00f3 elnyeri a legrangosabb magyar t\u00e1jfut\u00f3 kit\u00fcntet\u00e9st, a Skerletz Iv\u00e1n-d\u00edjat.<\/p><\/div>\n<\/div><\/div><\/div>\n<\/div><\/div><\/div>\n\n\n\n<div class=\"wp-block-stackable-timeline stk-block-timeline stk-block-timeline--left stk-block stk-f28f1e9\" data-block-id=\"f28f1e9\"><style>@media screen and (max-width:767px){.stk-f28f1e9 .stk-inner-blocks:after{top:16px !important}}<\/style><div class=\"stk-row stk-inner-blocks stk-block-content stk-content-align stk-f28f1e9-column\"><div class=\"stk-block-timeline__date\">2012<\/div><div class=\"stk-block-timeline__middle\"><\/div><div class=\"stk-block-timeline__content\">\n<div class=\"wp-block-stackable-column stk-block-column stk-column stk-block stk-0ec39af\" data-v=\"4\" data-block-id=\"0ec39af\"><style>.stk-0ec39af-container{margin-top:0px !important;margin-right:0px !important;margin-bottom:0px !important;margin-left:0px !important}<\/style><div class=\"stk-column-wrapper stk-block-column__content stk-container stk-0ec39af-container stk--no-background stk--no-padding\"><div class=\"stk-block-content stk-inner-blocks stk-0ec39af-inner-blocks\">\n<div class=\"wp-block-stackable-text stk-block-text stk-block stk-56d6f55\" data-block-id=\"56d6f55\"><p class=\"stk-block-text__text\">Pontbegy\u0171jt\u0151 Orsz\u00e1gos Csapatbajnoks\u00e1got rendez\u00fcnk Uzsa k\u00f6zponttal. A verseny eln\u00f6ke Borosznoki L\u00e1szl\u00f3, m\u00edg a p\u00e1ly\u00e1kat Zsebeh\u00e1zy Istv\u00e1n k\u00e9sz\u00edti.<\/p><\/div>\n<\/div><\/div><\/div>\n<\/div><\/div><\/div>\n\n\n\n<div class=\"wp-block-stackable-timeline stk-block-timeline stk-block-timeline--right stk-block stk-6ac40c1\" data-block-id=\"6ac40c1\"><style>@media screen and (max-width:767px){.stk-6ac40c1 .stk-inner-blocks:after{top:16px !important}}<\/style><div class=\"stk-row stk-inner-blocks stk-block-content stk-content-align stk-6ac40c1-column\"><div class=\"stk-block-timeline__date\">2013<\/div><div class=\"stk-block-timeline__middle\"><\/div><div class=\"stk-block-timeline__content\">\n<div class=\"wp-block-stackable-column stk-block-column stk-column stk-block stk-f5993b7\" data-v=\"4\" data-block-id=\"f5993b7\"><style>.stk-f5993b7-container{margin-top:0px !important;margin-right:0px !important;margin-bottom:0px !important;margin-left:0px !important}<\/style><div class=\"stk-column-wrapper stk-block-column__content stk-container stk-f5993b7-container stk--no-background stk--no-padding\"><div class=\"stk-block-content stk-inner-blocks stk-f5993b7-inner-blocks\">\n<div class=\"wp-block-stackable-text stk-block-text stk-block stk-e9d2e36\" data-block-id=\"e9d2e36\"><p class=\"stk-block-text__text\">Szakoszt\u00e1lyunk megszerzi 100. bajnoki arany\u00e1t.<\/p><\/div>\n<\/div><\/div><\/div>\n<\/div><\/div><\/div>\n\n\n\n<div class=\"wp-block-stackable-timeline stk-block-timeline stk-block-timeline--right stk-block stk-af6dc75\" data-block-id=\"af6dc75\"><style>@media screen and (max-width:767px){.stk-af6dc75 .stk-inner-blocks:after{top:16px !important}}<\/style><div class=\"stk-row stk-inner-blocks stk-block-content stk-content-align stk-af6dc75-column\"><div class=\"stk-block-timeline__date\">2014<\/div><div class=\"stk-block-timeline__middle\"><\/div><div class=\"stk-block-timeline__content\">\n<div class=\"wp-block-stackable-column stk-block-column stk-column stk-block stk-c2b9363\" data-v=\"4\" data-block-id=\"c2b9363\"><style>.stk-c2b9363-container{margin-top:0px !important;margin-right:0px !important;margin-bottom:0px !important;margin-left:0px !important}<\/style><div class=\"stk-column-wrapper stk-block-column__content stk-container stk-c2b9363-container stk--no-background stk--no-padding\"><div class=\"stk-block-content stk-inner-blocks stk-c2b9363-inner-blocks\">\n<div class=\"wp-block-stackable-text stk-block-text stk-block stk-62cecb5\" data-block-id=\"62cecb5\"><p class=\"stk-block-text__text\">A 11 \u00e9ves Zempl\u00e9ni Lilla k\u00e9t orsz\u00e1gos bajnoki c\u00edmet is nyer ebben az \u00e9vben, ezzel \u0151 legfiatalabb bajnokunk.<\/p><\/div>\n<\/div><\/div><\/div>\n<\/div><\/div><\/div>\n\n\n\n<div class=\"wp-block-stackable-timeline stk-block-timeline stk-block-timeline--left stk-block stk-19e43b1\" data-block-id=\"19e43b1\"><style>@media screen and (max-width:767px){.stk-19e43b1 .stk-inner-blocks:after{top:16px !important}}<\/style><div class=\"stk-row stk-inner-blocks stk-block-content stk-content-align stk-19e43b1-column\"><div class=\"stk-block-timeline__date\">2015<\/div><div class=\"stk-block-timeline__middle\"><\/div><div class=\"stk-block-timeline__content\">\n<div class=\"wp-block-stackable-column stk-block-column stk-column stk-block stk-2913850\" data-v=\"4\" data-block-id=\"2913850\"><style>.stk-2913850-container{margin-top:0px !important;margin-right:0px !important;margin-bottom:0px !important;margin-left:0px !important}<\/style><div class=\"stk-column-wrapper stk-block-column__content stk-container stk-2913850-container stk--no-background stk--no-padding\"><div class=\"stk-block-content stk-inner-blocks stk-2913850-inner-blocks\">\n<div class=\"wp-block-stackable-text stk-block-text stk-block stk-b819139\" data-block-id=\"b819139\"><p class=\"stk-block-text__text\">Orsz\u00e1gos Norm\u00e1lt\u00e1v\u00fa Egy\u00e9ni Bajnoks\u00e1got \u00e9s Egyes\u00fcleti V\u00e1lt\u00f3bajnoks\u00e1got rendez\u00fcnk a Pilisben, a Hoffmann-kunyh\u00f3n\u00e1l. A verseny eln\u00f6ke ism\u00e9t Bob\u00f3, a min\u0151s\u00e9gi p\u00e1ly\u00e1k kit\u0171z\u00e9s\u00e9r\u0151l Isti \u00e9s V\u00f6cs\u00f6k gondoskodnak.<\/p><\/div>\n<\/div><\/div><\/div>\n<\/div><\/div><\/div>\n\n\n\n<div class=\"wp-block-stackable-timeline stk-block-timeline stk-block-timeline--right stk-block stk-1b25a19\" data-block-id=\"1b25a19\"><style>@media screen and (max-width:767px){.stk-1b25a19 .stk-inner-blocks:after{top:16px !important}}<\/style><div class=\"stk-row stk-inner-blocks stk-block-content stk-content-align stk-1b25a19-column\"><div class=\"stk-block-timeline__date\">2016<\/div><div class=\"stk-block-timeline__middle\"><\/div><div class=\"stk-block-timeline__content\">\n<div class=\"wp-block-stackable-column stk-block-column stk-column stk-block stk-052c03c\" data-v=\"4\" data-block-id=\"052c03c\"><style>.stk-052c03c-container{margin-top:0px !important;margin-right:0px !important;margin-bottom:0px !important;margin-left:0px !important}<\/style><div class=\"stk-column-wrapper stk-block-column__content stk-container stk-052c03c-container stk--no-background stk--no-padding\"><div class=\"stk-block-content stk-inner-blocks stk-052c03c-inner-blocks\">\n<div class=\"wp-block-stackable-text stk-block-text stk-block stk-c9c1928\" data-block-id=\"c9c1928\"><p class=\"stk-block-text__text\">G\u00e1rdonyi Csilla megszerezi els\u0151 ifj\u00fas\u00e1gi Eur\u00f3pa-bajnoki c\u00edm\u00e9t, ez\u00fattal m\u00e9g <strong>\u201e<\/strong>csak<strong>\u201d<\/strong> v\u00e1lt\u00f3ban.&nbsp;<\/p><\/div>\n<\/div><\/div><\/div>\n<\/div><\/div><\/div>\n\n\n\n<div class=\"wp-block-stackable-timeline stk-block-timeline stk-block-timeline--right stk-block stk-0718182\" data-block-id=\"0718182\"><style>@media screen and (max-width:767px){.stk-0718182 .stk-inner-blocks:after{top:16px !important}}<\/style><div class=\"stk-row stk-inner-blocks stk-block-content stk-content-align stk-0718182-column\"><div class=\"stk-block-timeline__date\">2016<\/div><div class=\"stk-block-timeline__middle\"><\/div><div class=\"stk-block-timeline__content\">\n<div class=\"wp-block-stackable-column stk-block-column stk-column stk-block stk-3390f24\" data-v=\"4\" data-block-id=\"3390f24\"><style>.stk-3390f24-container{margin-top:0px !important;margin-right:0px !important;margin-bottom:0px !important;margin-left:0px !important}<\/style><div class=\"stk-column-wrapper stk-block-column__content stk-container stk-3390f24-container stk--no-background stk--no-padding\"><div class=\"stk-block-content stk-inner-blocks stk-3390f24-inner-blocks\">\n<div class=\"wp-block-stackable-text stk-block-text stk-block stk-7e62d49\" data-block-id=\"7e62d49\"><p class=\"stk-block-text__text\">A n\u0151i v\u00e1lt\u00f3nk el\u0151sz\u00f6r nyeri meg az egyes\u00fcleti v\u00e1lt\u00f3bajnoks\u00e1got \u00e9s ezt k\u00f6vet\u0151en 5-sz\u00f6r v\u00e9di meg ezt a c\u00edmet. A v\u00e1lt\u00f3kban G\u00e1rdonyi Csilla, Czak\u00f3 Bogi, Zempl\u00e9ni Lilla, K\u00e9zdy Bori, S\u00e1rk\u00f6zy Rita \u00e9s Zs\u00f3fia, Mikes Janka, Gerzs\u00e9nyi Bodza \u00e9s Szak\u00e1l-Bir\u00f3 S\u00e1ra szerepelt ebben az id\u0151szakban.<\/p><\/div>\n<\/div><\/div><\/div>\n<\/div><\/div><\/div>\n\n\n\n<div class=\"wp-block-stackable-timeline stk-block-timeline stk-block-timeline--right stk-block stk-42bd59d\" data-block-id=\"42bd59d\"><style>@media screen and (max-width:767px){.stk-42bd59d .stk-inner-blocks:after{top:16px !important}}<\/style><div class=\"stk-row stk-inner-blocks stk-block-content stk-content-align stk-42bd59d-column\"><div class=\"stk-block-timeline__date\">2017<\/div><div class=\"stk-block-timeline__middle\"><\/div><div class=\"stk-block-timeline__content\">\n<div class=\"wp-block-stackable-column stk-block-column stk-column stk-block stk-0e47595\" data-v=\"4\" data-block-id=\"0e47595\"><style>.stk-0e47595-container{margin-top:0px !important;margin-right:0px !important;margin-bottom:0px !important;margin-left:0px !important}<\/style><div class=\"stk-column-wrapper stk-block-column__content stk-container stk-0e47595-container stk--no-background stk--no-padding\"><div class=\"stk-block-content stk-inner-blocks stk-0e47595-inner-blocks\">\n<div class=\"wp-block-stackable-text stk-block-text stk-block stk-eb043b4\" data-block-id=\"eb043b4\"><p class=\"stk-block-text__text\">Csilla elkezdi gy\u0171jteni az egy\u00e9ni arany\u00e9rmeit mindk\u00e9t egy\u00e9ni sz\u00e1m (sprint \u00e9s hossz\u00fa) megnyer\u00e9s\u00e9vel a szlov\u00e1k ifi Eb-n. Ilyen sikerre csak \u0151 volt k\u00e9pes Magyarorsz\u00e1gr\u00f3l.<\/p><\/div>\n<\/div><\/div><\/div>\n<\/div><\/div><\/div>\n\n\n\n<div class=\"wp-block-stackable-timeline stk-block-timeline stk-block-timeline--right stk-block stk-d01e60f\" data-block-id=\"d01e60f\"><style>@media screen and (max-width:767px){.stk-d01e60f .stk-inner-blocks:after{top:16px !important}}<\/style><div class=\"stk-row stk-inner-blocks stk-block-content stk-content-align stk-d01e60f-column\"><div class=\"stk-block-timeline__date\">2018<\/div><div class=\"stk-block-timeline__middle\"><\/div><div class=\"stk-block-timeline__content\">\n<div class=\"wp-block-stackable-column stk-block-column stk-column stk-block stk-ab8b047\" data-v=\"4\" data-block-id=\"ab8b047\"><style>.stk-ab8b047-container{margin-top:0px !important;margin-right:0px !important;margin-bottom:0px !important;margin-left:0px !important}<\/style><div class=\"stk-column-wrapper stk-block-column__content stk-container stk-ab8b047-container stk--no-background stk--no-padding\"><div class=\"stk-block-content stk-inner-blocks stk-ab8b047-inner-blocks\">\n<div class=\"wp-block-stackable-text stk-block-text stk-block stk-1948176\" data-block-id=\"1948176\"><p class=\"stk-block-text__text\">A bolg\u00e1r ifi Eb-n Csilla \u00fajabb aranyat nyer, ez\u00fattal sprinten. Ezzel (Istit lehagyva) m\u00e1r neki lett a legt\u00f6bb egy\u00e9ni aranya a magyarok k\u00f6zt a verseny t\u00f6rt\u00e9net\u00e9ben.<\/p><\/div>\n<\/div><\/div><\/div>\n<\/div><\/div><\/div>\n\n\n\n<div class=\"wp-block-stackable-timeline stk-block-timeline stk-block-timeline--right stk-block stk-c1eb628\" data-block-id=\"c1eb628\"><style>@media screen and (max-width:767px){.stk-c1eb628 .stk-inner-blocks:after{top:16px !important}}<\/style><div class=\"stk-row stk-inner-blocks stk-block-content stk-content-align stk-c1eb628-column\"><div class=\"stk-block-timeline__date\">2018<\/div><div class=\"stk-block-timeline__middle\"><\/div><div class=\"stk-block-timeline__content\">\n<div class=\"wp-block-stackable-column stk-block-column stk-column stk-block stk-b9a2bc1\" data-v=\"4\" data-block-id=\"b9a2bc1\"><style>.stk-b9a2bc1-container{margin-top:0px !important;margin-right:0px !important;margin-bottom:0px !important;margin-left:0px !important}<\/style><div class=\"stk-column-wrapper stk-block-column__content stk-container stk-b9a2bc1-container stk--no-background stk--no-padding\"><div class=\"stk-block-content stk-inner-blocks stk-b9a2bc1-inner-blocks\">\n<div class=\"wp-block-stackable-text stk-block-text stk-block stk-94e17e9\" data-block-id=\"94e17e9\"><p class=\"stk-block-text__text\">Szakoszt\u00e1lyunk eddigi legnagyobb sikere: Csilla junior vil\u00e1gbajnoki c\u00edmet szerez k\u00f6z\u00e9pt\u00e1von! Riv\u00e1lisai elvesztek a bor\u00f3kabokrok k\u00f6z\u00f6tt, \u0151 viszont szinte v\u00e9gig magabiztosan navig\u00e1l, \u00edgy arany\u00e9rem a jutalma.<\/p><\/div>\n<\/div><\/div><\/div>\n<\/div><\/div><\/div>\n\n\n\n<div class=\"wp-block-stackable-timeline stk-block-timeline stk-block-timeline--left stk-block stk-f7900e4\" data-block-id=\"f7900e4\"><style>@media screen and (max-width:767px){.stk-f7900e4 .stk-inner-blocks:after{top:16px !important}}<\/style><div class=\"stk-row stk-inner-blocks stk-block-content stk-content-align stk-f7900e4-column\"><div class=\"stk-block-timeline__date\">2019<\/div><div class=\"stk-block-timeline__middle\"><\/div><div class=\"stk-block-timeline__content\">\n<div class=\"wp-block-stackable-column stk-block-column stk-column stk-block stk-02932f4\" data-v=\"4\" data-block-id=\"02932f4\"><style>.stk-02932f4-container{margin-top:0px !important;margin-right:0px !important;margin-bottom:0px !important;margin-left:0px !important}<\/style><div class=\"stk-column-wrapper stk-block-column__content stk-container stk-02932f4-container stk--no-background stk--no-padding\"><div class=\"stk-block-content stk-inner-blocks stk-02932f4-inner-blocks\">\n<div class=\"wp-block-stackable-text stk-block-text stk-block stk-9c0b279\" data-block-id=\"9c0b279\"><p class=\"stk-block-text__text\">\u00d6sk\u00fc k\u00f6zponttal K\u00f6z\u00e9pt\u00e1v\u00fa \u00e9s V\u00e1lt\u00f3 Orsz\u00e1gos Bajnoks\u00e1got rendez\u00fcnk. Az eln\u00f6ki teend\u0151ket ism\u00e9t Borosznoki L\u00e1szl\u00f3 l\u00e1tja el, m\u00edg a p\u00e1ly\u00e1kat Zsebeh\u00e1zy Istv\u00e1n, Kisv\u00f6lcsey \u00c1kos \u00e9s Gy\u00f6rgyi P\u00e9ter t\u0171zik.<\/p><\/div>\n<\/div><\/div><\/div>\n<\/div><\/div><\/div>\n\n\n\n<div class=\"wp-block-stackable-timeline stk-block-timeline stk-block-timeline--right stk-block stk-bc53cdd\" data-block-id=\"bc53cdd\"><style>@media screen and (max-width:767px){.stk-bc53cdd .stk-inner-blocks:after{top:16px !important}}<\/style><div class=\"stk-row stk-inner-blocks stk-block-content stk-content-align stk-bc53cdd-column\"><div class=\"stk-block-timeline__date\">2019<\/div><div class=\"stk-block-timeline__middle\"><\/div><div class=\"stk-block-timeline__content\">\n<div class=\"wp-block-stackable-column stk-block-column stk-column stk-block stk-2c50cf2\" data-v=\"4\" data-block-id=\"2c50cf2\"><style>.stk-2c50cf2-container{margin-top:0px !important;margin-right:0px !important;margin-bottom:0px !important;margin-left:0px !important}<\/style><div class=\"stk-column-wrapper stk-block-column__content stk-container stk-2c50cf2-container stk--no-background stk--no-padding\"><div class=\"stk-block-content stk-inner-blocks stk-2c50cf2-inner-blocks\">\n<div class=\"wp-block-stackable-text stk-block-text stk-block stk-f75727c\" data-block-id=\"f75727c\"><p class=\"stk-block-text__text\">Csilla utols\u00f3 ifi Eb-je se m\u00falik el arany n\u00e9lk\u00fcl, ez\u00fattal a hossz\u00fat\u00e1v k\u00fczdelmeiben gy\u0151zedelmeskedik Feh\u00e9roroszorsz\u00e1gban, m\u00edg a francia junior Eur\u00f3pa Kup\u00e1n egy aranyat \u00e9s egy bronzot szerez.<\/p><\/div>\n<\/div><\/div><\/div>\n<\/div><\/div><\/div>\n\n\n\n<div class=\"wp-block-stackable-timeline stk-block-timeline stk-block-timeline--left stk-block stk-a089458\" data-block-id=\"a089458\"><style>@media screen and (max-width:767px){.stk-a089458 .stk-inner-blocks:after{top:16px !important}}<\/style><div class=\"stk-row stk-inner-blocks stk-block-content stk-content-align stk-a089458-column\"><div class=\"stk-block-timeline__date\">2020<\/div><div class=\"stk-block-timeline__middle\"><\/div><div class=\"stk-block-timeline__content\">\n<div class=\"wp-block-stackable-column stk-block-column stk-column stk-block stk-0cf6e70\" data-v=\"4\" data-block-id=\"0cf6e70\"><style>.stk-0cf6e70-container{margin-top:0px !important;margin-right:0px !important;margin-bottom:0px !important;margin-left:0px !important}<\/style><div class=\"stk-column-wrapper stk-block-column__content stk-container stk-0cf6e70-container stk--no-background stk--no-padding\"><div class=\"stk-block-content stk-inner-blocks stk-0cf6e70-inner-blocks\">\n<div class=\"wp-block-stackable-text stk-block-text stk-block stk-a1c27ad\" data-block-id=\"a1c27ad\"><p class=\"stk-block-text__text\">Az MTFSz 50. sz\u00fclet\u00e9snapj\u00e1t \u00fcnnepelve kit\u00fcnteti t\u00f6rt\u00e9net\u00e9nek 50 legfontosabb szem\u00e9lyis\u00e9g\u00e9t, k\u00f6zt\u00fck Borosznoki L\u00e1szl\u00f3t \u00e9s Kisv\u00f6lcsey \u00c1kost.<\/p><\/div>\n<\/div><\/div><\/div>\n<\/div><\/div><\/div>\n\n\n\n<div class=\"wp-block-stackable-timeline stk-block-timeline stk-block-timeline--left stk-block stk-ec5ce85\" data-block-id=\"ec5ce85\"><style>@media screen and (max-width:767px){.stk-ec5ce85 .stk-inner-blocks:after{top:16px !important}}<\/style><div class=\"stk-row stk-inner-blocks stk-block-content stk-content-align stk-ec5ce85-column\"><div class=\"stk-block-timeline__date\">2020<\/div><div class=\"stk-block-timeline__middle\"><\/div><div class=\"stk-block-timeline__content\">\n<div class=\"wp-block-stackable-column stk-block-column stk-column stk-block stk-f1c68ac\" data-v=\"4\" data-block-id=\"f1c68ac\"><style>.stk-f1c68ac-container{margin-top:0px !important;margin-right:0px !important;margin-bottom:0px !important;margin-left:0px !important}<\/style><div class=\"stk-column-wrapper stk-block-column__content stk-container stk-f1c68ac-container stk--no-background stk--no-padding\"><div class=\"stk-block-content stk-inner-blocks stk-f1c68ac-inner-blocks\">\n<div class=\"wp-block-stackable-text stk-block-text stk-block stk-e2e5434\" data-block-id=\"e2e5434\"><p class=\"stk-block-text__text\">A XII. ker\u00fcleten bel\u00fcli szervezeti \u00e1talak\u00edt\u00e1sok miatt a Hegyvid\u00e9ki Szabadid\u0151sport Nonprofit Kft. t\u00e1jfut\u00f3 szakoszt\u00e1lya lett\u00fcnk.<\/p><\/div>\n<\/div><\/div><\/div>\n<\/div><\/div><\/div>\n\n\n\n<div class=\"wp-block-stackable-timeline stk-block-timeline stk-block-timeline--right stk-block stk-fbe9b95\" data-block-id=\"fbe9b95\"><style>@media screen and (max-width:767px){.stk-fbe9b95 .stk-inner-blocks:after{top:16px !important}}<\/style><div class=\"stk-row stk-inner-blocks stk-block-content stk-content-align stk-fbe9b95-column\"><div class=\"stk-block-timeline__date\">2021<\/div><div class=\"stk-block-timeline__middle\"><\/div><div class=\"stk-block-timeline__content\">\n<div class=\"wp-block-stackable-column stk-block-column stk-column stk-block stk-44574d7\" data-v=\"4\" data-block-id=\"44574d7\"><style>.stk-44574d7-container{margin-top:0px !important;margin-right:0px !important;margin-bottom:0px !important;margin-left:0px !important}<\/style><div class=\"stk-column-wrapper stk-block-column__content stk-container stk-44574d7-container stk--no-background stk--no-padding\"><div class=\"stk-block-content stk-inner-blocks stk-44574d7-inner-blocks\">\n<div class=\"wp-block-stackable-text stk-block-text stk-block stk-bb69d20\" data-block-id=\"bb69d20\"><p class=\"stk-block-text__text\">Czak\u00f3 Bogl\u00e1rka megnyeri a sv\u00e9d sprintbajnoks\u00e1got, \u00edgy hazai aranyai ut\u00e1n az egyik legnagyobb t\u00e1jfut\u00f3nemzet cs\u00facsesem\u00e9ny\u00e9n is gy\u0151zelmet szerez (r\u00e1ad\u00e1sul a k\u00f6vetkez\u0151 \u00e9vben megism\u00e9tli ezt a sikert).<\/p><\/div>\n<\/div><\/div><\/div>\n<\/div><\/div><\/div>\n\n\n\n<div class=\"wp-block-stackable-timeline stk-block-timeline stk-block-timeline--right stk-block stk-ba7c559\" data-block-id=\"ba7c559\"><style>@media screen and (max-width:767px){.stk-ba7c559 .stk-inner-blocks:after{top:16px !important}}<\/style><div class=\"stk-row stk-inner-blocks stk-block-content stk-content-align stk-ba7c559-column\"><div class=\"stk-block-timeline__date\">2022<\/div><div class=\"stk-block-timeline__middle\"><\/div><div class=\"stk-block-timeline__content\">\n<div class=\"wp-block-stackable-column stk-block-column stk-column stk-block stk-bae51a8\" data-v=\"4\" data-block-id=\"bae51a8\"><style>.stk-bae51a8-container{margin-top:0px !important;margin-right:0px !important;margin-bottom:0px !important;margin-left:0px !important}<\/style><div class=\"stk-column-wrapper stk-block-column__content stk-container stk-bae51a8-container stk--no-background stk--no-padding\"><div class=\"stk-block-content stk-inner-blocks stk-bae51a8-inner-blocks\">\n<div class=\"wp-block-stackable-text stk-block-text stk-block stk-5b0ddf8\" data-block-id=\"5b0ddf8\"><p class=\"stk-block-text__text\">Mikes Janka ifi Eur\u00f3pa-bajnoki c\u00edmet szerez. Janka a sprintet nyeri meg a hazai rendez\u00e9s\u0171 versenyen.<\/p><\/div>\n<\/div><\/div><\/div>\n<\/div><\/div><\/div>\n\n\n\n<div class=\"wp-block-stackable-timeline stk-block-timeline stk-block-timeline--right stk-block stk-3463eaf\" data-block-id=\"3463eaf\"><style>@media screen and (max-width:767px){.stk-3463eaf .stk-inner-blocks:after{top:16px !important}}<\/style><div class=\"stk-row stk-inner-blocks stk-block-content stk-content-align stk-3463eaf-column\"><div class=\"stk-block-timeline__date\">2023<\/div><div class=\"stk-block-timeline__middle\"><\/div><div class=\"stk-block-timeline__content\">\n<div class=\"wp-block-stackable-column stk-block-column stk-column stk-block stk-df91626\" data-v=\"4\" data-block-id=\"df91626\"><style>.stk-df91626-container{margin-top:0px !important;margin-right:0px !important;margin-bottom:0px !important;margin-left:0px !important}<\/style><div class=\"stk-column-wrapper stk-block-column__content stk-container stk-df91626-container stk--no-background stk--no-padding\"><div class=\"stk-block-content stk-inner-blocks stk-df91626-inner-blocks\">\n<div class=\"wp-block-stackable-text stk-block-text stk-block stk-662f5d2\" data-block-id=\"662f5d2\"><p class=\"stk-block-text__text\">G\u00e1rdonyi Csilla megszerezi 50. orsz\u00e1gos bajnoki c\u00edm\u00e9t, \u00e9pp 10 \u00e9vvel az els\u0151 bajnoki aranya ut\u00e1n.<\/p><\/div>\n<\/div><\/div><\/div>\n<\/div><\/div><\/div>\n\n\n\n<div class=\"wp-block-stackable-timeline stk-block-timeline stk-block-timeline--right stk-block stk-f4c429e\" data-block-id=\"f4c429e\"><style>@media screen and (max-width:767px){.stk-f4c429e .stk-inner-blocks:after{top:16px !important}}<\/style><div class=\"stk-row stk-inner-blocks stk-block-content stk-content-align stk-f4c429e-column\"><div class=\"stk-block-timeline__date\">2023<\/div><div class=\"stk-block-timeline__middle\"><\/div><div class=\"stk-block-timeline__content\">\n<div class=\"wp-block-stackable-column stk-block-column stk-column stk-block stk-bcb15a4\" data-v=\"4\" data-block-id=\"bcb15a4\"><style>.stk-bcb15a4-container{margin-top:0px !important;margin-right:0px !important;margin-bottom:0px !important;margin-left:0px !important}<\/style><div class=\"stk-column-wrapper stk-block-column__content stk-container stk-bcb15a4-container stk--no-background stk--no-padding\"><div class=\"stk-block-content stk-inner-blocks stk-bcb15a4-inner-blocks\">\n<div class=\"wp-block-stackable-text stk-block-text stk-block stk-c5f0062\" data-block-id=\"c5f0062\"><p class=\"stk-block-text__text\">Czak\u00f3 Bogl\u00e1rka junior vil\u00e1gbajnok! Bogi sz\u00e1mos kor\u00e1bbi nemzetk\u00f6zi \u00e9rem ut\u00e1n a magyar v\u00e1lt\u00f3val \u00e9ri el els\u0151 arany\u00e1t vil\u00e1gversenyen.<\/p><\/div>\n<\/div><\/div><\/div>\n<\/div><\/div><\/div>\n\n\n\n<div class=\"wp-block-stackable-timeline stk-block-timeline stk-block-timeline--right stk-block stk-377f253\" data-block-id=\"377f253\"><style>@media screen and (max-width:767px){.stk-377f253 .stk-inner-blocks:after{top:16px !important}}<\/style><div class=\"stk-row stk-inner-blocks stk-block-content stk-content-align stk-377f253-column\"><div class=\"stk-block-timeline__date\">2024<\/div><div class=\"stk-block-timeline__middle\"><\/div><div class=\"stk-block-timeline__content\">\n<div class=\"wp-block-stackable-column stk-block-column stk-column stk-block stk-a8b116e\" data-v=\"4\" data-block-id=\"a8b116e\"><style>.stk-a8b116e-container{margin-top:0px !important;margin-right:0px !important;margin-bottom:0px !important;margin-left:0px !important}<\/style><div class=\"stk-column-wrapper stk-block-column__content stk-container stk-a8b116e-container stk--no-background stk--no-padding\"><div class=\"stk-block-content stk-inner-blocks stk-a8b116e-inner-blocks\">\n<div class=\"wp-block-stackable-text stk-block-text stk-block stk-3eafdbe\" data-block-id=\"3eafdbe\"><p class=\"stk-block-text__text\">Mikes Janka \u00fajabb ifi Eb aranyat nyer a lengyelorsz\u00e1gi sprinten. El\u0151tte nem sokkal a szint\u00e9n hatalmas preszt\u00edzs\u0171 cseh k\u00f6z\u00e9pt\u00e1v\u00fa bajnoki c\u00edmet is megszerzi.<\/p><\/div>\n<\/div><\/div><\/div>\n<\/div><\/div><\/div>\n\n\n\n<div class=\"wp-block-stackable-timeline stk-block-timeline stk-block-timeline--right stk-block stk-36621de\" data-block-id=\"36621de\"><style>@media screen and (max-width:767px){.stk-36621de .stk-inner-blocks:after{top:16px !important}}<\/style><div class=\"stk-row stk-inner-blocks stk-block-content stk-content-align stk-36621de-column\"><div class=\"stk-block-timeline__date\">2024<\/div><div class=\"stk-block-timeline__middle\"><\/div><div class=\"stk-block-timeline__content\">\n<div class=\"wp-block-stackable-column stk-block-column stk-column stk-block stk-9f1c44f\" data-v=\"4\" data-block-id=\"9f1c44f\"><style>.stk-9f1c44f-container{margin-top:0px !important;margin-right:0px !important;margin-bottom:0px !important;margin-left:0px !important}<\/style><div class=\"stk-column-wrapper stk-block-column__content stk-container stk-9f1c44f-container stk--no-background stk--no-padding\"><div class=\"stk-block-content stk-inner-blocks stk-9f1c44f-inner-blocks\">\n<div class=\"wp-block-stackable-text stk-block-text stk-block stk-539ef1c\" data-block-id=\"539ef1c\"><p class=\"stk-block-text__text\">Janka megnyeri az O-Ringent! Az ifik elit kateg\u00f3ri\u00e1j\u00e1ban arat \u00f6sszetett gy\u0151zelmet 3 futamgy\u0151zelemmel a vil\u00e1g legnagyobb t\u00e1jfut\u00f3verseny\u00e9n. Ezt megel\u0151z\u0151en a magyarok k\u00f6z\u00fcl egyed\u00fcl Monspart Sarolta szerzett \u00f6sszetett gy\u0151zelmet az O-Ringenen (1976-ban).<\/p><\/div>\n<\/div><\/div><\/div>\n<\/div><\/div><\/div>\n\n\n\n<div class=\"wp-block-stackable-timeline stk-block-timeline stk-block-timeline--right stk-block stk-b5de23d\" data-block-id=\"b5de23d\"><style>@media screen and (max-width:767px){.stk-b5de23d .stk-inner-blocks:after{top:16px !important}}<\/style><div class=\"stk-row stk-inner-blocks stk-block-content stk-content-align stk-b5de23d-column\"><div class=\"stk-block-timeline__date\">2024<\/div><div class=\"stk-block-timeline__middle\"><\/div><div class=\"stk-block-timeline__content\">\n<div class=\"wp-block-stackable-column stk-block-column stk-column stk-block stk-14a0de4\" data-v=\"4\" data-block-id=\"14a0de4\"><style>.stk-14a0de4-container{margin-top:0px !important;margin-right:0px !important;margin-bottom:0px !important;margin-left:0px !important}<\/style><div class=\"stk-column-wrapper stk-block-column__content stk-container stk-14a0de4-container stk--no-background stk--no-padding\"><div class=\"stk-block-content stk-inner-blocks stk-14a0de4-inner-blocks\">\n<div class=\"wp-block-stackable-text stk-block-text stk-block stk-5e15a4e\" data-block-id=\"5e15a4e\"><p class=\"stk-block-text__text\">A feln\u0151tt Eur\u00f3pa-bajnoks\u00e1gon Bogi a magyar v\u00e1lt\u00f3val 6. helyez\u00e9st \u00e9r el, ami minden id\u0151k legjobb magyar eredm\u00e9nye ebben a versenysz\u00e1mban.<\/p><\/div>\n<\/div><\/div><\/div>\n<\/div><\/div><\/div>\n\n\n\n<div class=\"wp-block-stackable-timeline stk-block-timeline stk-block-timeline--left stk-is-last stk-block stk-995b09c\" data-block-id=\"995b09c\"><style>.stk-995b09c{margin-bottom:24px !important}@media screen and (max-width:767px){.stk-995b09c .stk-inner-blocks:after{top:16px !important;bottom:calc(0px + (100% - 0px) - 16px) !important}}<\/style><div class=\"stk-row stk-inner-blocks stk-block-content stk-content-align stk-995b09c-column\"><div class=\"stk-block-timeline__date\">2025<\/div><div class=\"stk-block-timeline__middle\"><\/div><div class=\"stk-block-timeline__content\">\n<div class=\"wp-block-stackable-column stk-block-column stk-column stk-block stk-0b070f6\" data-v=\"4\" data-block-id=\"0b070f6\"><style>.stk-0b070f6-container{margin-top:0px !important;margin-right:0px !important;margin-bottom:0px !important;margin-left:0px !important}<\/style><div class=\"stk-column-wrapper stk-block-column__content stk-container stk-0b070f6-container stk--no-background stk--no-padding\"><div class=\"stk-block-content stk-inner-blocks stk-0b070f6-inner-blocks\">\n<div class=\"wp-block-stackable-text stk-block-text stk-block stk-2fa987a\" data-block-id=\"2fa987a\"><p class=\"stk-block-text__text\">A Magyar T\u00e1j\u00e9koz\u00f3d\u00e1si Fut\u00f3 Sz\u00f6vets\u00e9g Ripsz\u00e1m Henrik-eml\u00e9k\u00e9remmel ismeri el Kisv\u00f6lcsey \u00c1kos t\u00f6bb \u00e9vtizedes, kiemelked\u0151en sikeres edz\u0151i munk\u00e1j\u00e1t \u00e9s t\u00e9rk\u00e9pk\u00e9sz\u00edt\u0151 tev\u00e9kenys\u00e9g\u00e9t.<\/p><\/div>\n<\/div><\/div><\/div>\n<\/div><\/div><\/div>\n\n\n\n<p class=\"wp-block-paragraph\"><\/p>\n\n\n\n<p class=\"wp-block-paragraph\"><\/p>\n\n\n\n<p class=\"wp-block-paragraph\"><\/p>\n\n\n\n<p class=\"wp-block-paragraph\"><\/p>\n\n\n\n<p class=\"wp-block-paragraph\"><\/p>\n\n\n\n<p class=\"wp-block-paragraph\"><\/p>\n\n\n\n<p class=\"wp-block-paragraph\"><\/p>\n","protected":false},"excerpt":{"rendered":"<p>10-12 fiatal versenyz\u0151vel megalakul a ker\u00fclet\u00fcnkben akkor m\u00e1r m\u0171k\u00f6d\u0151 MOM SE-ben a t\u00e1jfut\u00f3 szakoszt\u00e1ly, melynek Borosznoki L\u00e1szl\u00f3 (Bob\u00f3) lett a vezet\u0151je, Dese\u0151 L\u00e1szl\u00f3 (Dixi papa) pedig az edz\u0151je. A Boss\u00e1nszky Krisztina, Vastagh Gabriella, Dese\u0151 Orsolya \u00f6ssze\u00e1ll\u00edt\u00e1s\u00fa v\u00e1lt\u00f3 N15 kateg\u00f3ri\u00e1ban megszerzi els\u0151 bajnoki c\u00edm\u00fcnket. Dese\u0151 Orsolya megszerzi els\u0151 egy\u00e9ni orsz\u00e1gos bajnoki aranyunkat az N17 kateg\u00f3ria klasszikus [&hellip;]<\/p>\n","protected":false},"author":1,"featured_media":0,"parent":175,"menu_order":0,"comment_status":"closed","ping_status":"closed","template":"","meta":{"_crdt_document":"","_uag_custom_page_level_css":"","site-sidebar-layout":"default","site-content-layout":"","ast-site-content-layout":"default","site-content-style":"default","site-sidebar-style":"default","ast-global-header-display":"","ast-banner-title-visibility":"","ast-main-header-display":"","ast-hfb-above-header-display":"","ast-hfb-below-header-display":"","ast-hfb-mobile-header-display":"","site-post-title":"","ast-breadcrumbs-content":"","ast-featured-img":"","footer-sml-layout":"","theme-transparent-header-meta":"","adv-header-id-meta":"","stick-header-meta":"","header-above-stick-meta":"","header-main-stick-meta":"","header-below-stick-meta":"","astra-migrate-meta-layouts":"default","ast-page-background-enabled":"default","ast-page-background-meta":{"desktop":{"background-color":"var(--ast-global-color-4)","background-image":"","background-repeat":"repeat","background-position":"center center","background-size":"auto","background-attachment":"scroll","background-type":"","background-media":"","overlay-type":"","overlay-color":"","overlay-opacity":"","overlay-gradient":""},"tablet":{"background-color":"","background-image":"","background-repeat":"repeat","background-position":"center center","background-size":"auto","background-attachment":"scroll","background-type":"","background-media":"","overlay-type":"","overlay-color":"","overlay-opacity":"","overlay-gradient":""},"mobile":{"background-color":"","background-image":"","background-repeat":"repeat","background-position":"center center","background-size":"auto","background-attachment":"scroll","background-type":"","background-media":"","overlay-type":"","overlay-color":"","overlay-opacity":"","overlay-gradient":""}},"ast-content-background-meta":{"desktop":{"background-color":"var(--ast-global-color-5)","background-image":"","background-repeat":"repeat","background-position":"center center","background-size":"auto","background-attachment":"scroll","background-type":"","background-media":"","overlay-type":"","overlay-color":"","overlay-opacity":"","overlay-gradient":""},"tablet":{"background-color":"var(--ast-global-color-5)","background-image":"","background-repeat":"repeat","background-position":"center center","background-size":"auto","background-attachment":"scroll","background-type":"","background-media":"","overlay-type":"","overlay-color":"","overlay-opacity":"","overlay-gradient":""},"mobile":{"background-color":"var(--ast-global-color-5)","background-image":"","background-repeat":"repeat","background-position":"center center","background-size":"auto","background-attachment":"scroll","background-type":"","background-media":"","overlay-type":"","overlay-color":"","overlay-opacity":"","overlay-gradient":""}},"footnotes":""},"class_list":["post-359","page","type-page","status-publish","hentry"],"uagb_featured_image_src":{"full":false,"thumbnail":false,"medium":false,"medium_large":false,"large":false,"1536x1536":false,"2048x2048":false},"uagb_author_info":{"display_name":"hellomarci","author_link":"https:\/\/mom-o.hu\/?author=1"},"uagb_comment_info":0,"uagb_excerpt":"10-12 fiatal versenyz\u0151vel megalakul a ker\u00fclet\u00fcnkben akkor m\u00e1r m\u0171k\u00f6d\u0151 MOM SE-ben a t\u00e1jfut\u00f3 szakoszt\u00e1ly, melynek Borosznoki L\u00e1szl\u00f3 (Bob\u00f3) lett a vezet\u0151je, Dese\u0151 L\u00e1szl\u00f3 (Dixi papa) pedig az edz\u0151je. A Boss\u00e1nszky Krisztina, Vastagh Gabriella, Dese\u0151 Orsolya \u00f6ssze\u00e1ll\u00edt\u00e1s\u00fa v\u00e1lt\u00f3 N15 kateg\u00f3ri\u00e1ban megszerzi els\u0151 bajnoki c\u00edm\u00fcnket. Dese\u0151 Orsolya megszerzi els\u0151 egy\u00e9ni orsz\u00e1gos bajnoki aranyunkat az N17 kateg\u00f3ria klasszikus&hellip;","_links":{"self":[{"href":"https:\/\/mom-o.hu\/index.php?rest_route=\/wp\/v2\/pages\/359","targetHints":{"allow":["GET"]}}],"collection":[{"href":"https:\/\/mom-o.hu\/index.php?rest_route=\/wp\/v2\/pages"}],"about":[{"href":"https:\/\/mom-o.hu\/index.php?rest_route=\/wp\/v2\/types\/page"}],"author":[{"embeddable":true,"href":"https:\/\/mom-o.hu\/index.php?rest_route=\/wp\/v2\/users\/1"}],"replies":[{"embeddable":true,"href":"https:\/\/mom-o.hu\/index.php?rest_route=%2Fwp%2Fv2%2Fcomments&post=359"}],"version-history":[{"count":91,"href":"https:\/\/mom-o.hu\/index.php?rest_route=\/wp\/v2\/pages\/359\/revisions"}],"predecessor-version":[{"id":1418,"href":"https:\/\/mom-o.hu\/index.php?rest_route=\/wp\/v2\/pages\/359\/revisions\/1418"}],"up":[{"embeddable":true,"href":"https:\/\/mom-o.hu\/index.php?rest_route=\/wp\/v2\/pages\/175"}],"wp:attachment":[{"href":"https:\/\/mom-o.hu\/index.php?rest_route=%2Fwp%2Fv2%2Fmedia&parent=359"}],"curies":[{"name":"wp","href":"https:\/\/api.w.org\/{rel}","templated":true}]}}